{"id":6680,"date":"2023-05-02T16:10:54","date_gmt":"2023-05-02T19:10:54","guid":{"rendered":"http:\/\/foundersfoodhall.com\/cuisine-de-demonstration\/"},"modified":"2023-06-16T16:35:42","modified_gmt":"2023-06-16T19:35:42","slug":"cuisine-de-demonstration","status":"publish","type":"page","link":"https:\/\/foundersfoodhall.com\/fr\/cuisine-de-demonstration\/","title":{"rendered":"Cuisine de d\u00e9monstration"},"content":{"rendered":"\n<div class=\"wp-block-columns is-layout-flex wp-container-core-columns-is-layout-9d6595d7 wp-block-columns-is-layout-flex\">\n<div class=\"wp-block-column is-layout-flow wp-block-column-is-layout-flow\"><div class=\"wp-block-image\">\n<figure class=\"aligncenter size-full is-resized\"><img loading=\"lazy\" decoding=\"async\" src=\"https:\/\/foundersfoodhall.com\/wp-content\/uploads\/2023\/05\/MEYER-CANADA-logo.png\" alt=\"\" class=\"wp-image-5380\" width=\"300\" height=\"64\" srcset=\"https:\/\/foundersfoodhall.com\/wp-content\/uploads\/2023\/05\/MEYER-CANADA-logo-300x64.png 300w, https:\/\/foundersfoodhall.com\/wp-content\/uploads\/2023\/05\/MEYER-CANADA-logo-391x85.png 391w, https:\/\/foundersfoodhall.com\/wp-content\/uploads\/2023\/05\/MEYER-CANADA-logo.png 400w\" sizes=\"auto, (max-width: 300px) 100vw, 300px\" \/><\/figure>\n<\/div>\n\n\n<p>La cuisine se trouve presque toujours au centre des activit\u00e9s de la vie &#8211; f\u00eates, bons repas, conversations amicales. Notre philosophie se rapporte \u00e0 cela, et c\u2019est la raison pour laquelle vous trouverez la cuisine de d\u00e9monstration Meyer au c\u0153ur du Founders\u2019 Food Hall &amp; Market.  <\/p>\n\n\n\n<p><strong>Qu\u2019est-ce qui mijote dans la cuisine de d\u00e9monstration Meyer?<\/strong><\/p>\n\n\n\n<p>Des d\u00e9monstrations de cuisine enflamm\u00e9es aux cours de cuisine sp\u00e9cialis\u00e9s, en passant par les pr\u00e9sentations d\u2019\u00e9chantillon et davantage, nous cuisinons toujours quelque chose de d\u00e9licieux \u00e0 la cuisine de d\u00e9monstration Meyer. Consultez notre calendrier des \u00e9v\u00e9nements culinaires \u00e0 venir \u00e0 ne pas manquer! <\/p>\n\n\n\n<p><strong>Louez la cuisine de d\u00e9monstration Meyer pour VOTRE \u00e9v\u00e9nement sp\u00e9cial<\/strong><\/p>\n\n\n\n<p>Avec des tarifs de location abordables, la cuisine de d\u00e9monstration Meyer a tout ce dont vous avez besoin pour organiser votre \u00e9v\u00e9nement culinaire ou pour pr\u00e9parer une grande quantit\u00e9 de nourriture. Titulaire d\u2019une licence pour la pr\u00e9paration des aliments, la cuisine de d\u00e9monstration Meyer offre une exp\u00e9rience de location cl\u00e9 en main qui \u00e9liminera le stress de votre pr\u00e9paration en tant que traiteur*, de la pr\u00e9paration de produits alimentaires ou de votre \u00e9v\u00e9nement culinaire. <br\/><br\/>Vous trouverez tout ce dont vous avez besoin &#8211; des r\u00e9frig\u00e9rateurs aux plaques \u00e0 induction, en passant par les casseroles, la vaisselle, l\u2019espace de service, les fours, etc. Et, tout aussi important, notre personnel d\u00e9vou\u00e9 est pr\u00eat \u00e0 r\u00e9pondre \u00e0 vos questions et \u00e0 vous pr\u00e9parer \u00e0 la r\u00e9ussite!  <\/p>\n\n\n\n<p>Pour en savoir davantage sur la location de la cuisine de d\u00e9monstration Meyer, veuillez communiquer avec Jennifer Blair au 902-330-7882 ou par courriel \u00e0 l\u2019adresse <a href=\"mailto:jennifer@portcharlottetown.com\">jennifer@portcharlottetown.com<\/a><\/p>\n\n\n\n<p>Pour une liste compl\u00e8te de l\u2019\u00e9quipement fourni avec la location de la cuisine de d\u00e9monstration Meyer, veuillez t\u00e9l\u00e9charger le PDF.<\/p>\n\n\n\n<ul class=\"wp-block-list\">\n<li><a href=\"https:\/\/portchar-my.sharepoint.com\/:w:\/g\/personal\/onedrive_portcharlottetown_com\/ES3qqRDtgwFPr4QkmHdkupsBg4_AIZgfyFFlhysJfhbISg?e=7Yyvmf\" target=\"_blank\" rel=\"noreferrer noopener\">Inventaire<\/a>  <\/li>\n\n\n\n<li><a href=\"https:\/\/portchar-my.sharepoint.com\/:w:\/g\/personal\/onedrive_portcharlottetown_com\/EWLpKdI3S8dOhqLRz9WTt50B9yE2Xg393ZLBGlRF0nv_OA?e=9VIWoe\" target=\"_blank\" rel=\"noreferrer noopener\">Contrat de location<\/a> <\/li>\n\n\n\n<li><a href=\"https:\/\/calendar.google.com\/calendar\/u\/0?cid=Y181Y2I4MDNmYjdhOTA0NWExNmQzOGM4YTJhZTc2N2VhNTljZmY0ZGYxNDZiMTcyZGY5NGY0ZjhhN2QwYWUzMzFiQGdyb3VwLmNhbGVuZGFyLmdvb2dsZS5jb20\" target=\"_blank\" rel=\"noreferrer noopener\">Calendrier avec r\u00e9servations actives<\/a> <\/li>\n<\/ul>\n\n\n\n<div style=\"height:2px\" aria-hidden=\"true\" class=\"wp-block-spacer\"><\/div>\n\n\n\n<p>*Veuillez noter que si vous pr\u00e9parez des aliments pour un \u00e9v\u00e9nement hors site ou pour la vente hors site, vous devrez vous procurer une licence distincte en communiquant avec Hygi\u00e8ne de l\u2019environnement.<\/p>\n\n\n\n<ul class=\"wp-block-social-links has-large-icon-size has-icon-color has-icon-background-color is-layout-flex wp-block-social-links-is-layout-flex\">\n\n<\/ul>\n\n\n\n<div class=\"wp-block-buttons is-layout-flex wp-block-buttons-is-layout-flex\">\n<div class=\"wp-block-button--1\" style=\"--button-border-radius:0px;\"><a class=\"wp-block-button__link button button-outline wp-element-button\" href=\"https:\/\/foundersfoodhall.com\/fr\/repertoire\/\" style=\"border-radius:0px\">Retour au r\u00e9pertoire<\/a><\/div>\n\n<\/div>\n<\/div>\n\n\n\n<div class=\"wp-block-column is-layout-flow wp-block-column-is-layout-flow\"><div class=\"wp-block-image\">\n<figure class=\"alignright size-large\"><img loading=\"lazy\" decoding=\"async\" width=\"682\" height=\"1024\" src=\"https:\/\/foundersfoodhall.com\/wp-content\/uploads\/2023\/06\/chef-chopping-682x1024.jpg\" alt=\"\" class=\"wp-image-5848\" srcset=\"https:\/\/foundersfoodhall.com\/wp-content\/uploads\/2023\/06\/chef-chopping-200x300.jpg 200w, https:\/\/foundersfoodhall.com\/wp-content\/uploads\/2023\/06\/chef-chopping-682x1024.jpg 682w, https:\/\/foundersfoodhall.com\/wp-content\/uploads\/2023\/06\/chef-chopping-750x1125.jpg 750w, https:\/\/foundersfoodhall.com\/wp-content\/uploads\/2023\/06\/chef-chopping-768x1152.jpg 768w, https:\/\/foundersfoodhall.com\/wp-content\/uploads\/2023\/06\/chef-chopping.jpg 853w\" sizes=\"auto, (max-width: 682px) 100vw, 682px\" \/><\/figure>\n<\/div><\/div>\n<\/div>\n\n<div class=\"wp-block-group alignfull has-black-background-color has-background has-dark-background has-sm-padding-top has-xxl-margin-top\"><div class=\"wp-block-group__inner-container is-layout-flow wp-block-group-is-layout-flow\">\n<div class=\"wp-block-envira-envira-gallery alignfull\"><div id=\"envira-gallery-wrap-5464\" class=\"envira-gallery-wrap envira-lazy-loading-enabled envira-layout-mason envira-gallery-theme-base\" itemscope itemtype=\"https:\/\/schema.org\/ImageGallery\"><div class=\"envira-loader\"><div><\/div><div><\/div><div><\/div><div><\/div><\/div><div id=\"envira-gallery-5464\" class=\"envira-gallery-public envira-gallery-5-columns envira-clear enviratope\" data-envira-id=\"5464\" data-gallery-config='{\"type\":\"default\",\"layout\":\"mason\",\"columns\":\"5\",\"gallery_theme\":\"base\",\"justified_margins\":10,\"justified_last_row\":\"nojustify\",\"lazy_loading\":1,\"lazy_loading_delay\":500,\"gutter\":10,\"margin\":10,\"image_size\":\"default\",\"square_size\":300,\"crop_width\":640,\"crop_height\":480,\"crop\":0,\"crop_position\":\"c\",\"additional_copy_0\":0,\"additional_copy_title\":0,\"additional_copy_caption\":0,\"additional_copy_title_caption\":0,\"additional_copy_0_mobile\":0,\"additional_copy_title_mobile\":0,\"additional_copy_caption_mobile\":0,\"additional_copy_title_caption_mobile\":0,\"gallery_column_title_caption\":\"0\",\"gallery_column_title_caption_mobile\":\"0\",\"additional_copy_automatic_0\":0,\"additional_copy_automatic_title\":0,\"additional_copy_automatic_caption\":0,\"additional_copy_automatic_title_caption\":0,\"additional_copy_automatic_0_mobile\":0,\"additional_copy_automatic_title_mobile\":0,\"additional_copy_automatic_caption_mobile\":0,\"additional_copy_automatic_title_caption_mobile\":0,\"gallery_automatic_title_caption\":\"0\",\"gallery_automatic_title_caption_mobile\":\"0\",\"justified_row_height\":150,\"description_position\":\"0\",\"description\":\"\",\"random\":\"0\",\"sort_order\":\"0\",\"sorting_direction\":\"ASC\",\"image_sizes_random\":[],\"isotope\":true,\"lightbox_enabled\":0,\"gallery_link_enabled\":1,\"lightbox_theme\":\"base_dark\",\"lightbox_image_size\":\"default\",\"title_display\":\"float\",\"lightbox_title_caption\":\"title\",\"arrows\":1,\"arrows_position\":\"inside\",\"toolbar\":0,\"toolbar_title\":0,\"toolbar_position\":\"top\",\"loop\":1,\"lightbox_open_close_effect\":\"fade\",\"effect\":\"fade\",\"supersize\":0,\"thumbnails_toggle\":0,\"thumbnails_hide\":0,\"image_counter\":0,\"thumbnails\":1,\"thumbnails_width\":\"auto\",\"thumbnails_height\":\"auto\",\"thumbnails_position\":\"bottom\",\"thumbnails_custom_size\":0,\"mobile\":1,\"mobile_width\":320,\"mobile_height\":240,\"mobile_lightbox\":1,\"mobile_gallery_link_enabled\":0,\"mobile_arrows\":1,\"mobile_toolbar\":1,\"mobile_thumbnails\":1,\"mobile_touchwipe_close\":0,\"mobile_thumbnails_width\":75,\"mobile_thumbnails_height\":50,\"mobile_justified_row_height\":80,\"keyboard\":true,\"standalone_template\":\"\",\"classes\":[\"\"],\"rtl\":0,\"slug\":\"meyer-demo-kitchen\",\"title\":\"\",\"gutter_mobile\":10,\"show_more_text\":\"Click for more\",\"lightbox_html_caption\":0,\"slideshow\":0,\"autoplay\":0,\"slideshow_hover\":0,\"ss_speed\":5000,\"gallery_id\":\"5464\"}' data-gallery-images='[{\"status\":\"active\",\"src\":\"https:\\\/\\\/foundersfoodhall.com\\\/wp-content\\\/uploads\\\/2023\\\/05\\\/MEYER-Demo-Kitchen-01.jpg\",\"title\":\"Meyer Demo Kitchen | Founders&rsquo; Food Hall &amp;amp; Market Charlottetown\",\"link\":\"\",\"alt\":\"Chef preparing food inside the Meyer Demo Kitchen at Founders&rsquo; Food Hall &amp;amp; Market in Charlottetown, PEI.\",\"caption\":\"Watch chefs in action at the Meyer Demo Kitchen inside Founders&rsquo; Food Hall &amp;amp; Market in Charlottetown, PEI. Enjoy live cooking demos, tastings, and culinary events in a vibrant food hub.\",\"thumb\":\"https:\\\/\\\/foundersfoodhall.com\\\/wp-content\\\/uploads\\\/2023\\\/05\\\/MEYER-Demo-Kitchen-01-75x50_c.jpg\",\"meta\":{\"aperture\":null,\"credit\":null,\"camera\":null,\"caption\":\"\",\"created_timestamp\":null,\"copyright\":null,\"focal_length\":null,\"iso\":null,\"shutter_speed\":null,\"title\":\"\",\"orientation\":null,\"keywords\":null,\"resized_images\":null},\"thumbnail\":\"https:\\\/\\\/foundersfoodhall.com\\\/wp-content\\\/uploads\\\/2023\\\/05\\\/MEYER-Demo-Kitchen-01-150x150.jpg\",\"medium\":\"https:\\\/\\\/foundersfoodhall.com\\\/wp-content\\\/uploads\\\/2023\\\/05\\\/MEYER-Demo-Kitchen-01-300x200.jpg\",\"medium_large\":\"https:\\\/\\\/foundersfoodhall.com\\\/wp-content\\\/uploads\\\/2023\\\/05\\\/MEYER-Demo-Kitchen-01-768x512.jpg\",\"large\":\"https:\\\/\\\/foundersfoodhall.com\\\/wp-content\\\/uploads\\\/2023\\\/05\\\/MEYER-Demo-Kitchen-01-1024x683.jpg\",\"thumblist\":\"https:\\\/\\\/foundersfoodhall.com\\\/wp-content\\\/uploads\\\/2023\\\/05\\\/MEYER-Demo-Kitchen-01-300x300.jpg\",\"thumbrelated\":\"https:\\\/\\\/foundersfoodhall.com\\\/wp-content\\\/uploads\\\/2023\\\/05\\\/MEYER-Demo-Kitchen-01.jpg\",\"meccarouselthumb\":\"https:\\\/\\\/foundersfoodhall.com\\\/wp-content\\\/uploads\\\/2023\\\/05\\\/MEYER-Demo-Kitchen-01-474x324.jpg\",\"gridsquare\":\"https:\\\/\\\/foundersfoodhall.com\\\/wp-content\\\/uploads\\\/2023\\\/05\\\/MEYER-Demo-Kitchen-01-391x260.jpg\",\"tileview\":\"https:\\\/\\\/foundersfoodhall.com\\\/wp-content\\\/uploads\\\/2023\\\/05\\\/MEYER-Demo-Kitchen-01-300x400.jpg\",\"gts-thumbnail\":\"https:\\\/\\\/foundersfoodhall.com\\\/wp-content\\\/uploads\\\/2023\\\/05\\\/MEYER-Demo-Kitchen-01-100x100.jpg\",\"1536x1536\":\"https:\\\/\\\/foundersfoodhall.com\\\/wp-content\\\/uploads\\\/2023\\\/05\\\/MEYER-Demo-Kitchen-01-1536x1024.jpg\",\"2048x2048\":\"https:\\\/\\\/foundersfoodhall.com\\\/wp-content\\\/uploads\\\/2023\\\/05\\\/MEYER-Demo-Kitchen-01.jpg\",\"cover\":\"https:\\\/\\\/foundersfoodhall.com\\\/wp-content\\\/uploads\\\/2023\\\/05\\\/MEYER-Demo-Kitchen-01.jpg\",\"landscape-sm\":\"https:\\\/\\\/foundersfoodhall.com\\\/wp-content\\\/uploads\\\/2023\\\/05\\\/MEYER-Demo-Kitchen-01-400x300.jpg\",\"landscape-md\":\"https:\\\/\\\/foundersfoodhall.com\\\/wp-content\\\/uploads\\\/2023\\\/05\\\/MEYER-Demo-Kitchen-01-800x600.jpg\",\"landscape-lg\":\"https:\\\/\\\/foundersfoodhall.com\\\/wp-content\\\/uploads\\\/2023\\\/05\\\/MEYER-Demo-Kitchen-01-1200x900.jpg\",\"tiny\":\"https:\\\/\\\/foundersfoodhall.com\\\/wp-content\\\/uploads\\\/2023\\\/05\\\/MEYER-Demo-Kitchen-01-80x80.jpg\",\"wpzoom-rcb-block-header\":\"https:\\\/\\\/foundersfoodhall.com\\\/wp-content\\\/uploads\\\/2023\\\/05\\\/MEYER-Demo-Kitchen-01-800x530.jpg\",\"wpzoom-rcb-block-header-square\":\"https:\\\/\\\/foundersfoodhall.com\\\/wp-content\\\/uploads\\\/2023\\\/05\\\/MEYER-Demo-Kitchen-01-530x530.jpg\",\"wpzoom-rcb-block-step-image\":\"https:\\\/\\\/foundersfoodhall.com\\\/wp-content\\\/uploads\\\/2023\\\/05\\\/MEYER-Demo-Kitchen-01-750x500.jpg\",\"wpzoom-rcb-structured-data-1_1\":\"https:\\\/\\\/foundersfoodhall.com\\\/wp-content\\\/uploads\\\/2023\\\/05\\\/MEYER-Demo-Kitchen-01-500x500.jpg\",\"wpzoom-rcb-structured-data-4_3\":\"https:\\\/\\\/foundersfoodhall.com\\\/wp-content\\\/uploads\\\/2023\\\/05\\\/MEYER-Demo-Kitchen-01-500x375.jpg\",\"wpzoom-rcb-structured-data-16_9\":\"https:\\\/\\\/foundersfoodhall.com\\\/wp-content\\\/uploads\\\/2023\\\/05\\\/MEYER-Demo-Kitchen-01-480x270.jpg\",\"gform-image-choice-sm\":\"https:\\\/\\\/foundersfoodhall.com\\\/wp-content\\\/uploads\\\/2023\\\/05\\\/MEYER-Demo-Kitchen-01.jpg\",\"gform-image-choice-md\":\"https:\\\/\\\/foundersfoodhall.com\\\/wp-content\\\/uploads\\\/2023\\\/05\\\/MEYER-Demo-Kitchen-01.jpg\",\"gform-image-choice-lg\":\"https:\\\/\\\/foundersfoodhall.com\\\/wp-content\\\/uploads\\\/2023\\\/05\\\/MEYER-Demo-Kitchen-01.jpg\",\"full\":\"https:\\\/\\\/foundersfoodhall.com\\\/wp-content\\\/uploads\\\/2023\\\/05\\\/MEYER-Demo-Kitchen-01.jpg\",\"index\":0,\"id\":5071,\"video\":false,\"opts\":{\"caption\":\"Watch chefs in action at the Meyer Demo Kitchen inside Founders&rsquo; Food Hall &amp;amp; Market in Charlottetown, PEI. Enjoy live cooking demos, tastings, and culinary events in a vibrant food hub.\",\"thumb\":\"https:\\\/\\\/foundersfoodhall.com\\\/wp-content\\\/uploads\\\/2023\\\/05\\\/MEYER-Demo-Kitchen-01-75x50_c.jpg\",\"title\":\"Meyer Demo Kitchen | Founders&rsquo; Food Hall &amp;amp; Market Charlottetown\"},\"gallery_id\":\"5464\"},{\"status\":\"active\",\"src\":\"https:\\\/\\\/foundersfoodhall.com\\\/wp-content\\\/uploads\\\/2023\\\/05\\\/MEYERS-lobster-01v.jpg\",\"title\":\"Lobster Cooking Demo | Meyer Demo Kitchen Charlottetown\",\"link\":\"\",\"alt\":\"Chef preparing fresh steamed lobster at the Meyer Demo Kitchen in Founders&rsquo; Food Hall &amp;amp; Market, Charlottetown, PEI.\",\"caption\":\"Experience authentic PEI cuisine at the Meyer Demo Kitchen in Founders&rsquo; Food Hall &amp;amp; Market. Watch chefs prepare fresh local lobster in live cooking demonstrations.\",\"thumb\":\"https:\\\/\\\/foundersfoodhall.com\\\/wp-content\\\/uploads\\\/2023\\\/05\\\/MEYERS-lobster-01v-75x50_c.jpg\",\"meta\":{\"aperture\":null,\"credit\":null,\"camera\":null,\"caption\":\"\",\"created_timestamp\":null,\"copyright\":null,\"focal_length\":null,\"iso\":null,\"shutter_speed\":null,\"title\":\"\",\"orientation\":null,\"keywords\":null,\"resized_images\":null},\"thumbnail\":\"https:\\\/\\\/foundersfoodhall.com\\\/wp-content\\\/uploads\\\/2023\\\/05\\\/MEYERS-lobster-01v-150x150.jpg\",\"medium\":\"https:\\\/\\\/foundersfoodhall.com\\\/wp-content\\\/uploads\\\/2023\\\/05\\\/MEYERS-lobster-01v-200x300.jpg\",\"medium_large\":\"https:\\\/\\\/foundersfoodhall.com\\\/wp-content\\\/uploads\\\/2023\\\/05\\\/MEYERS-lobster-01v-768x1152.jpg\",\"large\":\"https:\\\/\\\/foundersfoodhall.com\\\/wp-content\\\/uploads\\\/2023\\\/05\\\/MEYERS-lobster-01v-682x1024.jpg\",\"thumblist\":\"https:\\\/\\\/foundersfoodhall.com\\\/wp-content\\\/uploads\\\/2023\\\/05\\\/MEYERS-lobster-01v-300x300.jpg\",\"thumbrelated\":\"https:\\\/\\\/foundersfoodhall.com\\\/wp-content\\\/uploads\\\/2023\\\/05\\\/MEYERS-lobster-01v.jpg\",\"meccarouselthumb\":\"https:\\\/\\\/foundersfoodhall.com\\\/wp-content\\\/uploads\\\/2023\\\/05\\\/MEYERS-lobster-01v-474x324.jpg\",\"gridsquare\":\"https:\\\/\\\/foundersfoodhall.com\\\/wp-content\\\/uploads\\\/2023\\\/05\\\/MEYERS-lobster-01v-391x260.jpg\",\"tileview\":\"https:\\\/\\\/foundersfoodhall.com\\\/wp-content\\\/uploads\\\/2023\\\/05\\\/MEYERS-lobster-01v-300x400.jpg\",\"gts-thumbnail\":\"https:\\\/\\\/foundersfoodhall.com\\\/wp-content\\\/uploads\\\/2023\\\/05\\\/MEYERS-lobster-01v-100x100.jpg\",\"1536x1536\":\"https:\\\/\\\/foundersfoodhall.com\\\/wp-content\\\/uploads\\\/2023\\\/05\\\/MEYERS-lobster-01v.jpg\",\"2048x2048\":\"https:\\\/\\\/foundersfoodhall.com\\\/wp-content\\\/uploads\\\/2023\\\/05\\\/MEYERS-lobster-01v.jpg\",\"cover\":\"https:\\\/\\\/foundersfoodhall.com\\\/wp-content\\\/uploads\\\/2023\\\/05\\\/MEYERS-lobster-01v.jpg\",\"landscape-sm\":\"https:\\\/\\\/foundersfoodhall.com\\\/wp-content\\\/uploads\\\/2023\\\/05\\\/MEYERS-lobster-01v-400x300.jpg\",\"landscape-md\":\"https:\\\/\\\/foundersfoodhall.com\\\/wp-content\\\/uploads\\\/2023\\\/05\\\/MEYERS-lobster-01v-800x600.jpg\",\"landscape-lg\":\"https:\\\/\\\/foundersfoodhall.com\\\/wp-content\\\/uploads\\\/2023\\\/05\\\/MEYERS-lobster-01v-853x900.jpg\",\"tiny\":\"https:\\\/\\\/foundersfoodhall.com\\\/wp-content\\\/uploads\\\/2023\\\/05\\\/MEYERS-lobster-01v-80x80.jpg\",\"wpzoom-rcb-block-header\":\"https:\\\/\\\/foundersfoodhall.com\\\/wp-content\\\/uploads\\\/2023\\\/05\\\/MEYERS-lobster-01v-800x530.jpg\",\"wpzoom-rcb-block-header-square\":\"https:\\\/\\\/foundersfoodhall.com\\\/wp-content\\\/uploads\\\/2023\\\/05\\\/MEYERS-lobster-01v-530x530.jpg\",\"wpzoom-rcb-block-step-image\":\"https:\\\/\\\/foundersfoodhall.com\\\/wp-content\\\/uploads\\\/2023\\\/05\\\/MEYERS-lobster-01v-750x1125.jpg\",\"wpzoom-rcb-structured-data-1_1\":\"https:\\\/\\\/foundersfoodhall.com\\\/wp-content\\\/uploads\\\/2023\\\/05\\\/MEYERS-lobster-01v-500x500.jpg\",\"wpzoom-rcb-structured-data-4_3\":\"https:\\\/\\\/foundersfoodhall.com\\\/wp-content\\\/uploads\\\/2023\\\/05\\\/MEYERS-lobster-01v-500x375.jpg\",\"wpzoom-rcb-structured-data-16_9\":\"https:\\\/\\\/foundersfoodhall.com\\\/wp-content\\\/uploads\\\/2023\\\/05\\\/MEYERS-lobster-01v-480x270.jpg\",\"gform-image-choice-sm\":\"https:\\\/\\\/foundersfoodhall.com\\\/wp-content\\\/uploads\\\/2023\\\/05\\\/MEYERS-lobster-01v.jpg\",\"gform-image-choice-md\":\"https:\\\/\\\/foundersfoodhall.com\\\/wp-content\\\/uploads\\\/2023\\\/05\\\/MEYERS-lobster-01v.jpg\",\"gform-image-choice-lg\":\"https:\\\/\\\/foundersfoodhall.com\\\/wp-content\\\/uploads\\\/2023\\\/05\\\/MEYERS-lobster-01v.jpg\",\"full\":\"https:\\\/\\\/foundersfoodhall.com\\\/wp-content\\\/uploads\\\/2023\\\/05\\\/MEYERS-lobster-01v.jpg\",\"index\":1,\"id\":5169,\"video\":false,\"opts\":{\"caption\":\"Experience authentic PEI cuisine at the Meyer Demo Kitchen in Founders&rsquo; Food Hall &amp;amp; Market. Watch chefs prepare fresh local lobster in live cooking demonstrations.\",\"thumb\":\"https:\\\/\\\/foundersfoodhall.com\\\/wp-content\\\/uploads\\\/2023\\\/05\\\/MEYERS-lobster-01v-75x50_c.jpg\",\"title\":\"Lobster Cooking Demo | Meyer Demo Kitchen Charlottetown\"},\"gallery_id\":\"5464\"},{\"status\":\"active\",\"src\":\"https:\\\/\\\/foundersfoodhall.com\\\/wp-content\\\/uploads\\\/2023\\\/05\\\/MEYERS-scallops-frypan-04.jpg\",\"title\":\"Seared Scallops Cooking at Meyer Demo Kitchen | Founders&rsquo; Food Hall\",\"link\":\"\",\"alt\":\"Chef searing scallops in a hot pan with steam rising at Meyer Demo Kitchen, Founders&rsquo; Food Hall\",\"caption\":\"Savuor the art of seared scallops&mdash;cooked live at the Meyer Demo Kitchen inside Founders&rsquo; Food Hall.\",\"thumb\":\"https:\\\/\\\/foundersfoodhall.com\\\/wp-content\\\/uploads\\\/2023\\\/05\\\/MEYERS-scallops-frypan-04-75x50_c.jpg\",\"meta\":{\"aperture\":null,\"credit\":null,\"camera\":null,\"caption\":\"\",\"created_timestamp\":null,\"copyright\":null,\"focal_length\":null,\"iso\":null,\"shutter_speed\":null,\"title\":\"\",\"orientation\":null,\"keywords\":null,\"resized_images\":null},\"thumbnail\":\"https:\\\/\\\/foundersfoodhall.com\\\/wp-content\\\/uploads\\\/2023\\\/05\\\/MEYERS-scallops-frypan-04-150x150.jpg\",\"medium\":\"https:\\\/\\\/foundersfoodhall.com\\\/wp-content\\\/uploads\\\/2023\\\/05\\\/MEYERS-scallops-frypan-04-300x200.jpg\",\"medium_large\":\"https:\\\/\\\/foundersfoodhall.com\\\/wp-content\\\/uploads\\\/2023\\\/05\\\/MEYERS-scallops-frypan-04-768x512.jpg\",\"large\":\"https:\\\/\\\/foundersfoodhall.com\\\/wp-content\\\/uploads\\\/2023\\\/05\\\/MEYERS-scallops-frypan-04-1024x683.jpg\",\"thumblist\":\"https:\\\/\\\/foundersfoodhall.com\\\/wp-content\\\/uploads\\\/2023\\\/05\\\/MEYERS-scallops-frypan-04-300x300.jpg\",\"thumbrelated\":\"https:\\\/\\\/foundersfoodhall.com\\\/wp-content\\\/uploads\\\/2023\\\/05\\\/MEYERS-scallops-frypan-04.jpg\",\"meccarouselthumb\":\"https:\\\/\\\/foundersfoodhall.com\\\/wp-content\\\/uploads\\\/2023\\\/05\\\/MEYERS-scallops-frypan-04-474x324.jpg\",\"gridsquare\":\"https:\\\/\\\/foundersfoodhall.com\\\/wp-content\\\/uploads\\\/2023\\\/05\\\/MEYERS-scallops-frypan-04-391x260.jpg\",\"tileview\":\"https:\\\/\\\/foundersfoodhall.com\\\/wp-content\\\/uploads\\\/2023\\\/05\\\/MEYERS-scallops-frypan-04-300x400.jpg\",\"gts-thumbnail\":\"https:\\\/\\\/foundersfoodhall.com\\\/wp-content\\\/uploads\\\/2023\\\/05\\\/MEYERS-scallops-frypan-04-100x100.jpg\",\"1536x1536\":\"https:\\\/\\\/foundersfoodhall.com\\\/wp-content\\\/uploads\\\/2023\\\/05\\\/MEYERS-scallops-frypan-04-1536x1024.jpg\",\"2048x2048\":\"https:\\\/\\\/foundersfoodhall.com\\\/wp-content\\\/uploads\\\/2023\\\/05\\\/MEYERS-scallops-frypan-04.jpg\",\"cover\":\"https:\\\/\\\/foundersfoodhall.com\\\/wp-content\\\/uploads\\\/2023\\\/05\\\/MEYERS-scallops-frypan-04.jpg\",\"landscape-sm\":\"https:\\\/\\\/foundersfoodhall.com\\\/wp-content\\\/uploads\\\/2023\\\/05\\\/MEYERS-scallops-frypan-04-400x300.jpg\",\"landscape-md\":\"https:\\\/\\\/foundersfoodhall.com\\\/wp-content\\\/uploads\\\/2023\\\/05\\\/MEYERS-scallops-frypan-04-800x600.jpg\",\"landscape-lg\":\"https:\\\/\\\/foundersfoodhall.com\\\/wp-content\\\/uploads\\\/2023\\\/05\\\/MEYERS-scallops-frypan-04-1200x900.jpg\",\"tiny\":\"https:\\\/\\\/foundersfoodhall.com\\\/wp-content\\\/uploads\\\/2023\\\/05\\\/MEYERS-scallops-frypan-04-80x80.jpg\",\"wpzoom-rcb-block-header\":\"https:\\\/\\\/foundersfoodhall.com\\\/wp-content\\\/uploads\\\/2023\\\/05\\\/MEYERS-scallops-frypan-04-800x530.jpg\",\"wpzoom-rcb-block-header-square\":\"https:\\\/\\\/foundersfoodhall.com\\\/wp-content\\\/uploads\\\/2023\\\/05\\\/MEYERS-scallops-frypan-04-530x530.jpg\",\"wpzoom-rcb-block-step-image\":\"https:\\\/\\\/foundersfoodhall.com\\\/wp-content\\\/uploads\\\/2023\\\/05\\\/MEYERS-scallops-frypan-04-750x500.jpg\",\"wpzoom-rcb-structured-data-1_1\":\"https:\\\/\\\/foundersfoodhall.com\\\/wp-content\\\/uploads\\\/2023\\\/05\\\/MEYERS-scallops-frypan-04-500x500.jpg\",\"wpzoom-rcb-structured-data-4_3\":\"https:\\\/\\\/foundersfoodhall.com\\\/wp-content\\\/uploads\\\/2023\\\/05\\\/MEYERS-scallops-frypan-04-500x375.jpg\",\"wpzoom-rcb-structured-data-16_9\":\"https:\\\/\\\/foundersfoodhall.com\\\/wp-content\\\/uploads\\\/2023\\\/05\\\/MEYERS-scallops-frypan-04-480x270.jpg\",\"gform-image-choice-sm\":\"https:\\\/\\\/foundersfoodhall.com\\\/wp-content\\\/uploads\\\/2023\\\/05\\\/MEYERS-scallops-frypan-04.jpg\",\"gform-image-choice-md\":\"https:\\\/\\\/foundersfoodhall.com\\\/wp-content\\\/uploads\\\/2023\\\/05\\\/MEYERS-scallops-frypan-04.jpg\",\"gform-image-choice-lg\":\"https:\\\/\\\/foundersfoodhall.com\\\/wp-content\\\/uploads\\\/2023\\\/05\\\/MEYERS-scallops-frypan-04.jpg\",\"full\":\"https:\\\/\\\/foundersfoodhall.com\\\/wp-content\\\/uploads\\\/2023\\\/05\\\/MEYERS-scallops-frypan-04.jpg\",\"index\":2,\"id\":5142,\"video\":false,\"opts\":{\"caption\":\"Savuor the art of seared scallops&mdash;cooked live at the Meyer Demo Kitchen inside Founders&rsquo; Food Hall.\",\"thumb\":\"https:\\\/\\\/foundersfoodhall.com\\\/wp-content\\\/uploads\\\/2023\\\/05\\\/MEYERS-scallops-frypan-04-75x50_c.jpg\",\"title\":\"Seared Scallops Cooking at Meyer Demo Kitchen | Founders&rsquo; Food Hall\"},\"gallery_id\":\"5464\"},{\"status\":\"active\",\"src\":\"https:\\\/\\\/foundersfoodhall.com\\\/wp-content\\\/uploads\\\/2023\\\/05\\\/MEYERS-shrimp-frypan-01.jpg\",\"title\":\"Seared Shrimp at Meyer Demo Kitchen | Founders Food Hall\",\"link\":\"\",\"alt\":\"Chef seasoning shrimp in hot frypan at Meyer Demo Kitchen\",\"caption\":\"Fresh shrimp sizzling in a hot frypan at the Meyer Demo Kitchen, where culinary demos bring the flavours of PEI to life.\",\"thumb\":\"https:\\\/\\\/foundersfoodhall.com\\\/wp-content\\\/uploads\\\/2023\\\/05\\\/MEYERS-shrimp-frypan-01-75x50_c.jpg\",\"meta\":{\"aperture\":null,\"credit\":null,\"camera\":null,\"caption\":\"\",\"created_timestamp\":null,\"copyright\":null,\"focal_length\":null,\"iso\":null,\"shutter_speed\":null,\"title\":\"\",\"orientation\":null,\"keywords\":null,\"resized_images\":null},\"thumbnail\":\"https:\\\/\\\/foundersfoodhall.com\\\/wp-content\\\/uploads\\\/2023\\\/05\\\/MEYERS-shrimp-frypan-01-150x150.jpg\",\"medium\":\"https:\\\/\\\/foundersfoodhall.com\\\/wp-content\\\/uploads\\\/2023\\\/05\\\/MEYERS-shrimp-frypan-01-300x200.jpg\",\"medium_large\":\"https:\\\/\\\/foundersfoodhall.com\\\/wp-content\\\/uploads\\\/2023\\\/05\\\/MEYERS-shrimp-frypan-01-768x512.jpg\",\"large\":\"https:\\\/\\\/foundersfoodhall.com\\\/wp-content\\\/uploads\\\/2023\\\/05\\\/MEYERS-shrimp-frypan-01-1024x683.jpg\",\"thumblist\":\"https:\\\/\\\/foundersfoodhall.com\\\/wp-content\\\/uploads\\\/2023\\\/05\\\/MEYERS-shrimp-frypan-01-300x300.jpg\",\"thumbrelated\":\"https:\\\/\\\/foundersfoodhall.com\\\/wp-content\\\/uploads\\\/2023\\\/05\\\/MEYERS-shrimp-frypan-01.jpg\",\"meccarouselthumb\":\"https:\\\/\\\/foundersfoodhall.com\\\/wp-content\\\/uploads\\\/2023\\\/05\\\/MEYERS-shrimp-frypan-01-474x324.jpg\",\"gridsquare\":\"https:\\\/\\\/foundersfoodhall.com\\\/wp-content\\\/uploads\\\/2023\\\/05\\\/MEYERS-shrimp-frypan-01-391x260.jpg\",\"tileview\":\"https:\\\/\\\/foundersfoodhall.com\\\/wp-content\\\/uploads\\\/2023\\\/05\\\/MEYERS-shrimp-frypan-01-300x400.jpg\",\"gts-thumbnail\":\"https:\\\/\\\/foundersfoodhall.com\\\/wp-content\\\/uploads\\\/2023\\\/05\\\/MEYERS-shrimp-frypan-01-100x100.jpg\",\"1536x1536\":\"https:\\\/\\\/foundersfoodhall.com\\\/wp-content\\\/uploads\\\/2023\\\/05\\\/MEYERS-shrimp-frypan-01-1536x1024.jpg\",\"2048x2048\":\"https:\\\/\\\/foundersfoodhall.com\\\/wp-content\\\/uploads\\\/2023\\\/05\\\/MEYERS-shrimp-frypan-01.jpg\",\"cover\":\"https:\\\/\\\/foundersfoodhall.com\\\/wp-content\\\/uploads\\\/2023\\\/05\\\/MEYERS-shrimp-frypan-01.jpg\",\"landscape-sm\":\"https:\\\/\\\/foundersfoodhall.com\\\/wp-content\\\/uploads\\\/2023\\\/05\\\/MEYERS-shrimp-frypan-01-400x300.jpg\",\"landscape-md\":\"https:\\\/\\\/foundersfoodhall.com\\\/wp-content\\\/uploads\\\/2023\\\/05\\\/MEYERS-shrimp-frypan-01-800x600.jpg\",\"landscape-lg\":\"https:\\\/\\\/foundersfoodhall.com\\\/wp-content\\\/uploads\\\/2023\\\/05\\\/MEYERS-shrimp-frypan-01-1200x900.jpg\",\"tiny\":\"https:\\\/\\\/foundersfoodhall.com\\\/wp-content\\\/uploads\\\/2023\\\/05\\\/MEYERS-shrimp-frypan-01-80x80.jpg\",\"wpzoom-rcb-block-header\":\"https:\\\/\\\/foundersfoodhall.com\\\/wp-content\\\/uploads\\\/2023\\\/05\\\/MEYERS-shrimp-frypan-01-800x530.jpg\",\"wpzoom-rcb-block-header-square\":\"https:\\\/\\\/foundersfoodhall.com\\\/wp-content\\\/uploads\\\/2023\\\/05\\\/MEYERS-shrimp-frypan-01-530x530.jpg\",\"wpzoom-rcb-block-step-image\":\"https:\\\/\\\/foundersfoodhall.com\\\/wp-content\\\/uploads\\\/2023\\\/05\\\/MEYERS-shrimp-frypan-01-750x500.jpg\",\"wpzoom-rcb-structured-data-1_1\":\"https:\\\/\\\/foundersfoodhall.com\\\/wp-content\\\/uploads\\\/2023\\\/05\\\/MEYERS-shrimp-frypan-01-500x500.jpg\",\"wpzoom-rcb-structured-data-4_3\":\"https:\\\/\\\/foundersfoodhall.com\\\/wp-content\\\/uploads\\\/2023\\\/05\\\/MEYERS-shrimp-frypan-01-500x375.jpg\",\"wpzoom-rcb-structured-data-16_9\":\"https:\\\/\\\/foundersfoodhall.com\\\/wp-content\\\/uploads\\\/2023\\\/05\\\/MEYERS-shrimp-frypan-01-480x270.jpg\",\"gform-image-choice-sm\":\"https:\\\/\\\/foundersfoodhall.com\\\/wp-content\\\/uploads\\\/2023\\\/05\\\/MEYERS-shrimp-frypan-01.jpg\",\"gform-image-choice-md\":\"https:\\\/\\\/foundersfoodhall.com\\\/wp-content\\\/uploads\\\/2023\\\/05\\\/MEYERS-shrimp-frypan-01.jpg\",\"gform-image-choice-lg\":\"https:\\\/\\\/foundersfoodhall.com\\\/wp-content\\\/uploads\\\/2023\\\/05\\\/MEYERS-shrimp-frypan-01.jpg\",\"full\":\"https:\\\/\\\/foundersfoodhall.com\\\/wp-content\\\/uploads\\\/2023\\\/05\\\/MEYERS-shrimp-frypan-01.jpg\",\"index\":3,\"id\":5144,\"video\":false,\"opts\":{\"caption\":\"Fresh shrimp sizzling in a hot frypan at the Meyer Demo Kitchen, where culinary demos bring the flavours of PEI to life.\",\"thumb\":\"https:\\\/\\\/foundersfoodhall.com\\\/wp-content\\\/uploads\\\/2023\\\/05\\\/MEYERS-shrimp-frypan-01-75x50_c.jpg\",\"title\":\"Seared Shrimp at Meyer Demo Kitchen | Founders Food Hall\"},\"gallery_id\":\"5464\"},{\"status\":\"active\",\"src\":\"https:\\\/\\\/foundersfoodhall.com\\\/wp-content\\\/uploads\\\/2023\\\/05\\\/MEYERS-bread-charcuterie-04v.jpg\",\"title\":\"Charcuterie and Bread Preparation | Meyer Demo Kitchen at Founders\",\"link\":\"\",\"alt\":\"Chef slicing bread and preparing charcuterie board at Meyer Demo Kitchen\",\"caption\":\"A chef prepares fresh bread, cheese, and charcuterie at the Meyer Demo Kitchen inside Founders Food Hall &amp;amp; Market.\",\"thumb\":\"https:\\\/\\\/foundersfoodhall.com\\\/wp-content\\\/uploads\\\/2023\\\/05\\\/MEYERS-bread-charcuterie-04v-75x50_c.jpg\",\"meta\":{\"aperture\":null,\"credit\":null,\"camera\":null,\"caption\":\"\",\"created_timestamp\":null,\"copyright\":null,\"focal_length\":null,\"iso\":null,\"shutter_speed\":null,\"title\":\"\",\"orientation\":null,\"keywords\":null,\"resized_images\":null},\"thumbnail\":\"https:\\\/\\\/foundersfoodhall.com\\\/wp-content\\\/uploads\\\/2023\\\/05\\\/MEYERS-bread-charcuterie-04v-150x150.jpg\",\"medium\":\"https:\\\/\\\/foundersfoodhall.com\\\/wp-content\\\/uploads\\\/2023\\\/05\\\/MEYERS-bread-charcuterie-04v-200x300.jpg\",\"medium_large\":\"https:\\\/\\\/foundersfoodhall.com\\\/wp-content\\\/uploads\\\/2023\\\/05\\\/MEYERS-bread-charcuterie-04v-768x1152.jpg\",\"large\":\"https:\\\/\\\/foundersfoodhall.com\\\/wp-content\\\/uploads\\\/2023\\\/05\\\/MEYERS-bread-charcuterie-04v-682x1024.jpg\",\"thumblist\":\"https:\\\/\\\/foundersfoodhall.com\\\/wp-content\\\/uploads\\\/2023\\\/05\\\/MEYERS-bread-charcuterie-04v-300x300.jpg\",\"thumbrelated\":\"https:\\\/\\\/foundersfoodhall.com\\\/wp-content\\\/uploads\\\/2023\\\/05\\\/MEYERS-bread-charcuterie-04v.jpg\",\"meccarouselthumb\":\"https:\\\/\\\/foundersfoodhall.com\\\/wp-content\\\/uploads\\\/2023\\\/05\\\/MEYERS-bread-charcuterie-04v-474x324.jpg\",\"gridsquare\":\"https:\\\/\\\/foundersfoodhall.com\\\/wp-content\\\/uploads\\\/2023\\\/05\\\/MEYERS-bread-charcuterie-04v-391x260.jpg\",\"tileview\":\"https:\\\/\\\/foundersfoodhall.com\\\/wp-content\\\/uploads\\\/2023\\\/05\\\/MEYERS-bread-charcuterie-04v-300x400.jpg\",\"gts-thumbnail\":\"https:\\\/\\\/foundersfoodhall.com\\\/wp-content\\\/uploads\\\/2023\\\/05\\\/MEYERS-bread-charcuterie-04v-100x100.jpg\",\"1536x1536\":\"https:\\\/\\\/foundersfoodhall.com\\\/wp-content\\\/uploads\\\/2023\\\/05\\\/MEYERS-bread-charcuterie-04v.jpg\",\"2048x2048\":\"https:\\\/\\\/foundersfoodhall.com\\\/wp-content\\\/uploads\\\/2023\\\/05\\\/MEYERS-bread-charcuterie-04v.jpg\",\"cover\":\"https:\\\/\\\/foundersfoodhall.com\\\/wp-content\\\/uploads\\\/2023\\\/05\\\/MEYERS-bread-charcuterie-04v.jpg\",\"landscape-sm\":\"https:\\\/\\\/foundersfoodhall.com\\\/wp-content\\\/uploads\\\/2023\\\/05\\\/MEYERS-bread-charcuterie-04v-400x300.jpg\",\"landscape-md\":\"https:\\\/\\\/foundersfoodhall.com\\\/wp-content\\\/uploads\\\/2023\\\/05\\\/MEYERS-bread-charcuterie-04v-800x600.jpg\",\"landscape-lg\":\"https:\\\/\\\/foundersfoodhall.com\\\/wp-content\\\/uploads\\\/2023\\\/05\\\/MEYERS-bread-charcuterie-04v-853x900.jpg\",\"tiny\":\"https:\\\/\\\/foundersfoodhall.com\\\/wp-content\\\/uploads\\\/2023\\\/05\\\/MEYERS-bread-charcuterie-04v-80x80.jpg\",\"wpzoom-rcb-block-header\":\"https:\\\/\\\/foundersfoodhall.com\\\/wp-content\\\/uploads\\\/2023\\\/05\\\/MEYERS-bread-charcuterie-04v-800x530.jpg\",\"wpzoom-rcb-block-header-square\":\"https:\\\/\\\/foundersfoodhall.com\\\/wp-content\\\/uploads\\\/2023\\\/05\\\/MEYERS-bread-charcuterie-04v-530x530.jpg\",\"wpzoom-rcb-block-step-image\":\"https:\\\/\\\/foundersfoodhall.com\\\/wp-content\\\/uploads\\\/2023\\\/05\\\/MEYERS-bread-charcuterie-04v-750x1125.jpg\",\"wpzoom-rcb-structured-data-1_1\":\"https:\\\/\\\/foundersfoodhall.com\\\/wp-content\\\/uploads\\\/2023\\\/05\\\/MEYERS-bread-charcuterie-04v-500x500.jpg\",\"wpzoom-rcb-structured-data-4_3\":\"https:\\\/\\\/foundersfoodhall.com\\\/wp-content\\\/uploads\\\/2023\\\/05\\\/MEYERS-bread-charcuterie-04v-500x375.jpg\",\"wpzoom-rcb-structured-data-16_9\":\"https:\\\/\\\/foundersfoodhall.com\\\/wp-content\\\/uploads\\\/2023\\\/05\\\/MEYERS-bread-charcuterie-04v-480x270.jpg\",\"gform-image-choice-sm\":\"https:\\\/\\\/foundersfoodhall.com\\\/wp-content\\\/uploads\\\/2023\\\/05\\\/MEYERS-bread-charcuterie-04v.jpg\",\"gform-image-choice-md\":\"https:\\\/\\\/foundersfoodhall.com\\\/wp-content\\\/uploads\\\/2023\\\/05\\\/MEYERS-bread-charcuterie-04v.jpg\",\"gform-image-choice-lg\":\"https:\\\/\\\/foundersfoodhall.com\\\/wp-content\\\/uploads\\\/2023\\\/05\\\/MEYERS-bread-charcuterie-04v.jpg\",\"full\":\"https:\\\/\\\/foundersfoodhall.com\\\/wp-content\\\/uploads\\\/2023\\\/05\\\/MEYERS-bread-charcuterie-04v.jpg\",\"index\":4,\"id\":5160,\"video\":false,\"opts\":{\"caption\":\"A chef prepares fresh bread, cheese, and charcuterie at the Meyer Demo Kitchen inside Founders Food Hall &amp;amp; Market.\",\"thumb\":\"https:\\\/\\\/foundersfoodhall.com\\\/wp-content\\\/uploads\\\/2023\\\/05\\\/MEYERS-bread-charcuterie-04v-75x50_c.jpg\",\"title\":\"Charcuterie and Bread Preparation | Meyer Demo Kitchen at Founders\"},\"gallery_id\":\"5464\"},{\"status\":\"active\",\"src\":\"https:\\\/\\\/foundersfoodhall.com\\\/wp-content\\\/uploads\\\/2023\\\/05\\\/MEYERS-Demo-Kitchen-cutting-bread-07v.jpg\",\"title\":\"Chef Slicing Fresh Bread | Meyer Demo Kitchen at Founders\",\"link\":\"\",\"alt\":\"Close-up of chef slicing multigrain bread at Meyer Demo Kitchen\",\"caption\":\"Freshly baked multigrain bread being sliced at the Meyer Demo Kitchen, paired with artisan meats and cheeses for a charcuterie board.\",\"thumb\":\"https:\\\/\\\/foundersfoodhall.com\\\/wp-content\\\/uploads\\\/2023\\\/05\\\/MEYERS-Demo-Kitchen-cutting-bread-07v-75x50_c.jpg\",\"meta\":{\"aperture\":null,\"credit\":null,\"camera\":null,\"caption\":\"\",\"created_timestamp\":null,\"copyright\":null,\"focal_length\":null,\"iso\":null,\"shutter_speed\":null,\"title\":\"\",\"orientation\":null,\"keywords\":null,\"resized_images\":null},\"thumbnail\":\"https:\\\/\\\/foundersfoodhall.com\\\/wp-content\\\/uploads\\\/2023\\\/05\\\/MEYERS-Demo-Kitchen-cutting-bread-07v-150x150.jpg\",\"medium\":\"https:\\\/\\\/foundersfoodhall.com\\\/wp-content\\\/uploads\\\/2023\\\/05\\\/MEYERS-Demo-Kitchen-cutting-bread-07v-200x300.jpg\",\"medium_large\":\"https:\\\/\\\/foundersfoodhall.com\\\/wp-content\\\/uploads\\\/2023\\\/05\\\/MEYERS-Demo-Kitchen-cutting-bread-07v-768x1152.jpg\",\"large\":\"https:\\\/\\\/foundersfoodhall.com\\\/wp-content\\\/uploads\\\/2023\\\/05\\\/MEYERS-Demo-Kitchen-cutting-bread-07v-682x1024.jpg\",\"thumblist\":\"https:\\\/\\\/foundersfoodhall.com\\\/wp-content\\\/uploads\\\/2023\\\/05\\\/MEYERS-Demo-Kitchen-cutting-bread-07v-300x300.jpg\",\"thumbrelated\":\"https:\\\/\\\/foundersfoodhall.com\\\/wp-content\\\/uploads\\\/2023\\\/05\\\/MEYERS-Demo-Kitchen-cutting-bread-07v.jpg\",\"meccarouselthumb\":\"https:\\\/\\\/foundersfoodhall.com\\\/wp-content\\\/uploads\\\/2023\\\/05\\\/MEYERS-Demo-Kitchen-cutting-bread-07v-474x324.jpg\",\"gridsquare\":\"https:\\\/\\\/foundersfoodhall.com\\\/wp-content\\\/uploads\\\/2023\\\/05\\\/MEYERS-Demo-Kitchen-cutting-bread-07v-391x260.jpg\",\"tileview\":\"https:\\\/\\\/foundersfoodhall.com\\\/wp-content\\\/uploads\\\/2023\\\/05\\\/MEYERS-Demo-Kitchen-cutting-bread-07v-300x400.jpg\",\"gts-thumbnail\":\"https:\\\/\\\/foundersfoodhall.com\\\/wp-content\\\/uploads\\\/2023\\\/05\\\/MEYERS-Demo-Kitchen-cutting-bread-07v-100x100.jpg\",\"1536x1536\":\"https:\\\/\\\/foundersfoodhall.com\\\/wp-content\\\/uploads\\\/2023\\\/05\\\/MEYERS-Demo-Kitchen-cutting-bread-07v.jpg\",\"2048x2048\":\"https:\\\/\\\/foundersfoodhall.com\\\/wp-content\\\/uploads\\\/2023\\\/05\\\/MEYERS-Demo-Kitchen-cutting-bread-07v.jpg\",\"cover\":\"https:\\\/\\\/foundersfoodhall.com\\\/wp-content\\\/uploads\\\/2023\\\/05\\\/MEYERS-Demo-Kitchen-cutting-bread-07v.jpg\",\"landscape-sm\":\"https:\\\/\\\/foundersfoodhall.com\\\/wp-content\\\/uploads\\\/2023\\\/05\\\/MEYERS-Demo-Kitchen-cutting-bread-07v-400x300.jpg\",\"landscape-md\":\"https:\\\/\\\/foundersfoodhall.com\\\/wp-content\\\/uploads\\\/2023\\\/05\\\/MEYERS-Demo-Kitchen-cutting-bread-07v-800x600.jpg\",\"landscape-lg\":\"https:\\\/\\\/foundersfoodhall.com\\\/wp-content\\\/uploads\\\/2023\\\/05\\\/MEYERS-Demo-Kitchen-cutting-bread-07v-853x900.jpg\",\"tiny\":\"https:\\\/\\\/foundersfoodhall.com\\\/wp-content\\\/uploads\\\/2023\\\/05\\\/MEYERS-Demo-Kitchen-cutting-bread-07v-80x80.jpg\",\"wpzoom-rcb-block-header\":\"https:\\\/\\\/foundersfoodhall.com\\\/wp-content\\\/uploads\\\/2023\\\/05\\\/MEYERS-Demo-Kitchen-cutting-bread-07v-800x530.jpg\",\"wpzoom-rcb-block-header-square\":\"https:\\\/\\\/foundersfoodhall.com\\\/wp-content\\\/uploads\\\/2023\\\/05\\\/MEYERS-Demo-Kitchen-cutting-bread-07v-530x530.jpg\",\"wpzoom-rcb-block-step-image\":\"https:\\\/\\\/foundersfoodhall.com\\\/wp-content\\\/uploads\\\/2023\\\/05\\\/MEYERS-Demo-Kitchen-cutting-bread-07v-750x1125.jpg\",\"wpzoom-rcb-structured-data-1_1\":\"https:\\\/\\\/foundersfoodhall.com\\\/wp-content\\\/uploads\\\/2023\\\/05\\\/MEYERS-Demo-Kitchen-cutting-bread-07v-500x500.jpg\",\"wpzoom-rcb-structured-data-4_3\":\"https:\\\/\\\/foundersfoodhall.com\\\/wp-content\\\/uploads\\\/2023\\\/05\\\/MEYERS-Demo-Kitchen-cutting-bread-07v-500x375.jpg\",\"wpzoom-rcb-structured-data-16_9\":\"https:\\\/\\\/foundersfoodhall.com\\\/wp-content\\\/uploads\\\/2023\\\/05\\\/MEYERS-Demo-Kitchen-cutting-bread-07v-480x270.jpg\",\"gform-image-choice-sm\":\"https:\\\/\\\/foundersfoodhall.com\\\/wp-content\\\/uploads\\\/2023\\\/05\\\/MEYERS-Demo-Kitchen-cutting-bread-07v.jpg\",\"gform-image-choice-md\":\"https:\\\/\\\/foundersfoodhall.com\\\/wp-content\\\/uploads\\\/2023\\\/05\\\/MEYERS-Demo-Kitchen-cutting-bread-07v.jpg\",\"gform-image-choice-lg\":\"https:\\\/\\\/foundersfoodhall.com\\\/wp-content\\\/uploads\\\/2023\\\/05\\\/MEYERS-Demo-Kitchen-cutting-bread-07v.jpg\",\"full\":\"https:\\\/\\\/foundersfoodhall.com\\\/wp-content\\\/uploads\\\/2023\\\/05\\\/MEYERS-Demo-Kitchen-cutting-bread-07v.jpg\",\"index\":5,\"id\":5163,\"video\":false,\"opts\":{\"caption\":\"Freshly baked multigrain bread being sliced at the Meyer Demo Kitchen, paired with artisan meats and cheeses for a charcuterie board.\",\"thumb\":\"https:\\\/\\\/foundersfoodhall.com\\\/wp-content\\\/uploads\\\/2023\\\/05\\\/MEYERS-Demo-Kitchen-cutting-bread-07v-75x50_c.jpg\",\"title\":\"Chef Slicing Fresh Bread | Meyer Demo Kitchen at Founders\"},\"gallery_id\":\"5464\"},{\"status\":\"active\",\"src\":\"https:\\\/\\\/foundersfoodhall.com\\\/wp-content\\\/uploads\\\/2023\\\/05\\\/MEYERS-pots-v.jpg\",\"title\":\"Simmering Flavors in Action | Meyer Demo Kitchen at Founders\",\"link\":\"\",\"alt\":\"Close-up of simmering food in steaming pots at Meyer Demo Kitchen\",\"caption\":\"Steam rises as fresh ingredients simmer in the Meyer Demo Kitchen, showcasing the art of live cooking at Founders Food Hall &amp;amp; Market.\",\"thumb\":\"https:\\\/\\\/foundersfoodhall.com\\\/wp-content\\\/uploads\\\/2023\\\/05\\\/MEYERS-pots-v-75x50_c.jpg\",\"meta\":{\"aperture\":null,\"credit\":null,\"camera\":null,\"caption\":\"\",\"created_timestamp\":null,\"copyright\":null,\"focal_length\":null,\"iso\":null,\"shutter_speed\":null,\"title\":\"\",\"orientation\":null,\"keywords\":null,\"resized_images\":null},\"thumbnail\":\"https:\\\/\\\/foundersfoodhall.com\\\/wp-content\\\/uploads\\\/2023\\\/05\\\/MEYERS-pots-v-150x150.jpg\",\"medium\":\"https:\\\/\\\/foundersfoodhall.com\\\/wp-content\\\/uploads\\\/2023\\\/05\\\/MEYERS-pots-v-200x300.jpg\",\"medium_large\":\"https:\\\/\\\/foundersfoodhall.com\\\/wp-content\\\/uploads\\\/2023\\\/05\\\/MEYERS-pots-v-768x1152.jpg\",\"large\":\"https:\\\/\\\/foundersfoodhall.com\\\/wp-content\\\/uploads\\\/2023\\\/05\\\/MEYERS-pots-v-682x1024.jpg\",\"thumblist\":\"https:\\\/\\\/foundersfoodhall.com\\\/wp-content\\\/uploads\\\/2023\\\/05\\\/MEYERS-pots-v-300x300.jpg\",\"thumbrelated\":\"https:\\\/\\\/foundersfoodhall.com\\\/wp-content\\\/uploads\\\/2023\\\/05\\\/MEYERS-pots-v.jpg\",\"meccarouselthumb\":\"https:\\\/\\\/foundersfoodhall.com\\\/wp-content\\\/uploads\\\/2023\\\/05\\\/MEYERS-pots-v-474x324.jpg\",\"gridsquare\":\"https:\\\/\\\/foundersfoodhall.com\\\/wp-content\\\/uploads\\\/2023\\\/05\\\/MEYERS-pots-v-391x260.jpg\",\"tileview\":\"https:\\\/\\\/foundersfoodhall.com\\\/wp-content\\\/uploads\\\/2023\\\/05\\\/MEYERS-pots-v-300x400.jpg\",\"gts-thumbnail\":\"https:\\\/\\\/foundersfoodhall.com\\\/wp-content\\\/uploads\\\/2023\\\/05\\\/MEYERS-pots-v-100x100.jpg\",\"1536x1536\":\"https:\\\/\\\/foundersfoodhall.com\\\/wp-content\\\/uploads\\\/2023\\\/05\\\/MEYERS-pots-v.jpg\",\"2048x2048\":\"https:\\\/\\\/foundersfoodhall.com\\\/wp-content\\\/uploads\\\/2023\\\/05\\\/MEYERS-pots-v.jpg\",\"cover\":\"https:\\\/\\\/foundersfoodhall.com\\\/wp-content\\\/uploads\\\/2023\\\/05\\\/MEYERS-pots-v.jpg\",\"landscape-sm\":\"https:\\\/\\\/foundersfoodhall.com\\\/wp-content\\\/uploads\\\/2023\\\/05\\\/MEYERS-pots-v-400x300.jpg\",\"landscape-md\":\"https:\\\/\\\/foundersfoodhall.com\\\/wp-content\\\/uploads\\\/2023\\\/05\\\/MEYERS-pots-v-800x600.jpg\",\"landscape-lg\":\"https:\\\/\\\/foundersfoodhall.com\\\/wp-content\\\/uploads\\\/2023\\\/05\\\/MEYERS-pots-v-853x900.jpg\",\"tiny\":\"https:\\\/\\\/foundersfoodhall.com\\\/wp-content\\\/uploads\\\/2023\\\/05\\\/MEYERS-pots-v-80x80.jpg\",\"wpzoom-rcb-block-header\":\"https:\\\/\\\/foundersfoodhall.com\\\/wp-content\\\/uploads\\\/2023\\\/05\\\/MEYERS-pots-v-800x530.jpg\",\"wpzoom-rcb-block-header-square\":\"https:\\\/\\\/foundersfoodhall.com\\\/wp-content\\\/uploads\\\/2023\\\/05\\\/MEYERS-pots-v-530x530.jpg\",\"wpzoom-rcb-block-step-image\":\"https:\\\/\\\/foundersfoodhall.com\\\/wp-content\\\/uploads\\\/2023\\\/05\\\/MEYERS-pots-v-750x1125.jpg\",\"wpzoom-rcb-structured-data-1_1\":\"https:\\\/\\\/foundersfoodhall.com\\\/wp-content\\\/uploads\\\/2023\\\/05\\\/MEYERS-pots-v-500x500.jpg\",\"wpzoom-rcb-structured-data-4_3\":\"https:\\\/\\\/foundersfoodhall.com\\\/wp-content\\\/uploads\\\/2023\\\/05\\\/MEYERS-pots-v-500x375.jpg\",\"wpzoom-rcb-structured-data-16_9\":\"https:\\\/\\\/foundersfoodhall.com\\\/wp-content\\\/uploads\\\/2023\\\/05\\\/MEYERS-pots-v-480x270.jpg\",\"gform-image-choice-sm\":\"https:\\\/\\\/foundersfoodhall.com\\\/wp-content\\\/uploads\\\/2023\\\/05\\\/MEYERS-pots-v.jpg\",\"gform-image-choice-md\":\"https:\\\/\\\/foundersfoodhall.com\\\/wp-content\\\/uploads\\\/2023\\\/05\\\/MEYERS-pots-v.jpg\",\"gform-image-choice-lg\":\"https:\\\/\\\/foundersfoodhall.com\\\/wp-content\\\/uploads\\\/2023\\\/05\\\/MEYERS-pots-v.jpg\",\"full\":\"https:\\\/\\\/foundersfoodhall.com\\\/wp-content\\\/uploads\\\/2023\\\/05\\\/MEYERS-pots-v.jpg\",\"index\":6,\"id\":5170,\"video\":false,\"opts\":{\"caption\":\"Steam rises as fresh ingredients simmer in the Meyer Demo Kitchen, showcasing the art of live cooking at Founders Food Hall &amp;amp; Market.\",\"thumb\":\"https:\\\/\\\/foundersfoodhall.com\\\/wp-content\\\/uploads\\\/2023\\\/05\\\/MEYERS-pots-v-75x50_c.jpg\",\"title\":\"Simmering Flavors in Action | Meyer Demo Kitchen at Founders\"},\"gallery_id\":\"5464\"},{\"status\":\"active\",\"src\":\"https:\\\/\\\/foundersfoodhall.com\\\/wp-content\\\/uploads\\\/2023\\\/05\\\/MEYERS-demo-kitchen-11.jpg\",\"title\":\"Meyer Demo Kitchen Equipment | Professional Culinary Space at Founders\",\"link\":\"\",\"alt\":\"Stainless steel equipment and cookware in the Meyer Demo Kitchen at Founders Food Hall\",\"caption\":\"A behind-the-scenes look at the professional setup of the Meyer Demo Kitchen, featuring top-quality cookware and modern appliances for live cooking demonstrations.\",\"thumb\":\"https:\\\/\\\/foundersfoodhall.com\\\/wp-content\\\/uploads\\\/2023\\\/05\\\/MEYERS-demo-kitchen-11-75x50_c.jpg\",\"meta\":{\"aperture\":null,\"credit\":null,\"camera\":null,\"caption\":\"\",\"created_timestamp\":null,\"copyright\":null,\"focal_length\":null,\"iso\":null,\"shutter_speed\":null,\"title\":\"\",\"orientation\":null,\"keywords\":null,\"resized_images\":null},\"thumbnail\":\"https:\\\/\\\/foundersfoodhall.com\\\/wp-content\\\/uploads\\\/2023\\\/05\\\/MEYERS-demo-kitchen-11-150x150.jpg\",\"medium\":\"https:\\\/\\\/foundersfoodhall.com\\\/wp-content\\\/uploads\\\/2023\\\/05\\\/MEYERS-demo-kitchen-11-200x300.jpg\",\"medium_large\":\"https:\\\/\\\/foundersfoodhall.com\\\/wp-content\\\/uploads\\\/2023\\\/05\\\/MEYERS-demo-kitchen-11-768x1152.jpg\",\"large\":\"https:\\\/\\\/foundersfoodhall.com\\\/wp-content\\\/uploads\\\/2023\\\/05\\\/MEYERS-demo-kitchen-11-682x1024.jpg\",\"thumblist\":\"https:\\\/\\\/foundersfoodhall.com\\\/wp-content\\\/uploads\\\/2023\\\/05\\\/MEYERS-demo-kitchen-11-300x300.jpg\",\"thumbrelated\":\"https:\\\/\\\/foundersfoodhall.com\\\/wp-content\\\/uploads\\\/2023\\\/05\\\/MEYERS-demo-kitchen-11.jpg\",\"meccarouselthumb\":\"https:\\\/\\\/foundersfoodhall.com\\\/wp-content\\\/uploads\\\/2023\\\/05\\\/MEYERS-demo-kitchen-11-474x324.jpg\",\"gridsquare\":\"https:\\\/\\\/foundersfoodhall.com\\\/wp-content\\\/uploads\\\/2023\\\/05\\\/MEYERS-demo-kitchen-11-391x260.jpg\",\"tileview\":\"https:\\\/\\\/foundersfoodhall.com\\\/wp-content\\\/uploads\\\/2023\\\/05\\\/MEYERS-demo-kitchen-11-300x400.jpg\",\"gts-thumbnail\":\"https:\\\/\\\/foundersfoodhall.com\\\/wp-content\\\/uploads\\\/2023\\\/05\\\/MEYERS-demo-kitchen-11-100x100.jpg\",\"1536x1536\":\"https:\\\/\\\/foundersfoodhall.com\\\/wp-content\\\/uploads\\\/2023\\\/05\\\/MEYERS-demo-kitchen-11.jpg\",\"2048x2048\":\"https:\\\/\\\/foundersfoodhall.com\\\/wp-content\\\/uploads\\\/2023\\\/05\\\/MEYERS-demo-kitchen-11.jpg\",\"cover\":\"https:\\\/\\\/foundersfoodhall.com\\\/wp-content\\\/uploads\\\/2023\\\/05\\\/MEYERS-demo-kitchen-11.jpg\",\"landscape-sm\":\"https:\\\/\\\/foundersfoodhall.com\\\/wp-content\\\/uploads\\\/2023\\\/05\\\/MEYERS-demo-kitchen-11-400x300.jpg\",\"landscape-md\":\"https:\\\/\\\/foundersfoodhall.com\\\/wp-content\\\/uploads\\\/2023\\\/05\\\/MEYERS-demo-kitchen-11-800x600.jpg\",\"landscape-lg\":\"https:\\\/\\\/foundersfoodhall.com\\\/wp-content\\\/uploads\\\/2023\\\/05\\\/MEYERS-demo-kitchen-11-853x900.jpg\",\"tiny\":\"https:\\\/\\\/foundersfoodhall.com\\\/wp-content\\\/uploads\\\/2023\\\/05\\\/MEYERS-demo-kitchen-11-80x80.jpg\",\"wpzoom-rcb-block-header\":\"https:\\\/\\\/foundersfoodhall.com\\\/wp-content\\\/uploads\\\/2023\\\/05\\\/MEYERS-demo-kitchen-11-800x530.jpg\",\"wpzoom-rcb-block-header-square\":\"https:\\\/\\\/foundersfoodhall.com\\\/wp-content\\\/uploads\\\/2023\\\/05\\\/MEYERS-demo-kitchen-11-530x530.jpg\",\"wpzoom-rcb-block-step-image\":\"https:\\\/\\\/foundersfoodhall.com\\\/wp-content\\\/uploads\\\/2023\\\/05\\\/MEYERS-demo-kitchen-11-750x1125.jpg\",\"wpzoom-rcb-structured-data-1_1\":\"https:\\\/\\\/foundersfoodhall.com\\\/wp-content\\\/uploads\\\/2023\\\/05\\\/MEYERS-demo-kitchen-11-500x500.jpg\",\"wpzoom-rcb-structured-data-4_3\":\"https:\\\/\\\/foundersfoodhall.com\\\/wp-content\\\/uploads\\\/2023\\\/05\\\/MEYERS-demo-kitchen-11-500x375.jpg\",\"wpzoom-rcb-structured-data-16_9\":\"https:\\\/\\\/foundersfoodhall.com\\\/wp-content\\\/uploads\\\/2023\\\/05\\\/MEYERS-demo-kitchen-11-480x270.jpg\",\"gform-image-choice-sm\":\"https:\\\/\\\/foundersfoodhall.com\\\/wp-content\\\/uploads\\\/2023\\\/05\\\/MEYERS-demo-kitchen-11.jpg\",\"gform-image-choice-md\":\"https:\\\/\\\/foundersfoodhall.com\\\/wp-content\\\/uploads\\\/2023\\\/05\\\/MEYERS-demo-kitchen-11.jpg\",\"gform-image-choice-lg\":\"https:\\\/\\\/foundersfoodhall.com\\\/wp-content\\\/uploads\\\/2023\\\/05\\\/MEYERS-demo-kitchen-11.jpg\",\"full\":\"https:\\\/\\\/foundersfoodhall.com\\\/wp-content\\\/uploads\\\/2023\\\/05\\\/MEYERS-demo-kitchen-11.jpg\",\"index\":7,\"id\":5133,\"video\":false,\"opts\":{\"caption\":\"A behind-the-scenes look at the professional setup of the Meyer Demo Kitchen, featuring top-quality cookware and modern appliances for live cooking demonstrations.\",\"thumb\":\"https:\\\/\\\/foundersfoodhall.com\\\/wp-content\\\/uploads\\\/2023\\\/05\\\/MEYERS-demo-kitchen-11-75x50_c.jpg\",\"title\":\"Meyer Demo Kitchen Equipment | Professional Culinary Space at Founders\"},\"gallery_id\":\"5464\"},{\"status\":\"active\",\"src\":\"https:\\\/\\\/foundersfoodhall.com\\\/wp-content\\\/uploads\\\/2023\\\/01\\\/MEYER-demo-Kitchen.jpg\",\"title\":\"Meyer Demo Kitchen at Founders&#039; | Modern Culinary Showcase Space\",\"link\":\"\",\"alt\":\"Wide view of the Meyer Demo Kitchen at Founders Food Hall with stainless steel counters and cookware\",\"caption\":\"The Meyer Demo Kitchen at Founders&#39; Food Hall &amp;amp; Market, a state-of-the-art culinary space designed for cooking demos, tastings, and food experiences.\",\"thumb\":\"https:\\\/\\\/foundersfoodhall.com\\\/wp-content\\\/uploads\\\/2023\\\/01\\\/MEYER-demo-Kitchen-75x50_c.jpg\",\"meta\":{\"aperture\":null,\"credit\":null,\"camera\":null,\"caption\":\"\",\"created_timestamp\":null,\"copyright\":null,\"focal_length\":null,\"iso\":null,\"shutter_speed\":null,\"title\":\"\",\"orientation\":null,\"keywords\":null},\"thumbnail\":\"https:\\\/\\\/foundersfoodhall.com\\\/wp-content\\\/uploads\\\/2023\\\/01\\\/MEYER-demo-Kitchen-150x150.jpg\",\"medium\":\"https:\\\/\\\/foundersfoodhall.com\\\/wp-content\\\/uploads\\\/2023\\\/01\\\/MEYER-demo-Kitchen-300x200.jpg\",\"medium_large\":\"https:\\\/\\\/foundersfoodhall.com\\\/wp-content\\\/uploads\\\/2023\\\/01\\\/MEYER-demo-Kitchen-768x512.jpg\",\"large\":\"https:\\\/\\\/foundersfoodhall.com\\\/wp-content\\\/uploads\\\/2023\\\/01\\\/MEYER-demo-Kitchen-1024x682.jpg\",\"thumblist\":\"https:\\\/\\\/foundersfoodhall.com\\\/wp-content\\\/uploads\\\/2023\\\/01\\\/MEYER-demo-Kitchen-300x300.jpg\",\"thumbrelated\":\"https:\\\/\\\/foundersfoodhall.com\\\/wp-content\\\/uploads\\\/2023\\\/01\\\/MEYER-demo-Kitchen.jpg\",\"meccarouselthumb\":\"https:\\\/\\\/foundersfoodhall.com\\\/wp-content\\\/uploads\\\/2023\\\/01\\\/MEYER-demo-Kitchen-474x324.jpg\",\"gridsquare\":\"https:\\\/\\\/foundersfoodhall.com\\\/wp-content\\\/uploads\\\/2023\\\/01\\\/MEYER-demo-Kitchen-391x260.jpg\",\"tileview\":\"https:\\\/\\\/foundersfoodhall.com\\\/wp-content\\\/uploads\\\/2023\\\/01\\\/MEYER-demo-Kitchen-300x400.jpg\",\"gts-thumbnail\":\"https:\\\/\\\/foundersfoodhall.com\\\/wp-content\\\/uploads\\\/2023\\\/01\\\/MEYER-demo-Kitchen-100x100.jpg\",\"1536x1536\":\"https:\\\/\\\/foundersfoodhall.com\\\/wp-content\\\/uploads\\\/2023\\\/01\\\/MEYER-demo-Kitchen.jpg\",\"2048x2048\":\"https:\\\/\\\/foundersfoodhall.com\\\/wp-content\\\/uploads\\\/2023\\\/01\\\/MEYER-demo-Kitchen.jpg\",\"cover\":\"https:\\\/\\\/foundersfoodhall.com\\\/wp-content\\\/uploads\\\/2023\\\/01\\\/MEYER-demo-Kitchen.jpg\",\"landscape-sm\":\"https:\\\/\\\/foundersfoodhall.com\\\/wp-content\\\/uploads\\\/2023\\\/01\\\/MEYER-demo-Kitchen.jpg\",\"landscape-md\":\"https:\\\/\\\/foundersfoodhall.com\\\/wp-content\\\/uploads\\\/2023\\\/01\\\/MEYER-demo-Kitchen.jpg\",\"landscape-lg\":\"https:\\\/\\\/foundersfoodhall.com\\\/wp-content\\\/uploads\\\/2023\\\/01\\\/MEYER-demo-Kitchen.jpg\",\"tiny\":\"https:\\\/\\\/foundersfoodhall.com\\\/wp-content\\\/uploads\\\/2023\\\/01\\\/MEYER-demo-Kitchen.jpg\",\"wpzoom-rcb-block-header\":\"https:\\\/\\\/foundersfoodhall.com\\\/wp-content\\\/uploads\\\/2023\\\/01\\\/MEYER-demo-Kitchen-800x530.jpg\",\"wpzoom-rcb-block-header-square\":\"https:\\\/\\\/foundersfoodhall.com\\\/wp-content\\\/uploads\\\/2023\\\/01\\\/MEYER-demo-Kitchen-530x530.jpg\",\"wpzoom-rcb-block-step-image\":\"https:\\\/\\\/foundersfoodhall.com\\\/wp-content\\\/uploads\\\/2023\\\/01\\\/MEYER-demo-Kitchen-750x500.jpg\",\"wpzoom-rcb-structured-data-1_1\":\"https:\\\/\\\/foundersfoodhall.com\\\/wp-content\\\/uploads\\\/2023\\\/01\\\/MEYER-demo-Kitchen-500x500.jpg\",\"wpzoom-rcb-structured-data-4_3\":\"https:\\\/\\\/foundersfoodhall.com\\\/wp-content\\\/uploads\\\/2023\\\/01\\\/MEYER-demo-Kitchen-500x375.jpg\",\"wpzoom-rcb-structured-data-16_9\":\"https:\\\/\\\/foundersfoodhall.com\\\/wp-content\\\/uploads\\\/2023\\\/01\\\/MEYER-demo-Kitchen-480x270.jpg\",\"gform-image-choice-sm\":\"https:\\\/\\\/foundersfoodhall.com\\\/wp-content\\\/uploads\\\/2023\\\/01\\\/MEYER-demo-Kitchen.jpg\",\"gform-image-choice-md\":\"https:\\\/\\\/foundersfoodhall.com\\\/wp-content\\\/uploads\\\/2023\\\/01\\\/MEYER-demo-Kitchen.jpg\",\"gform-image-choice-lg\":\"https:\\\/\\\/foundersfoodhall.com\\\/wp-content\\\/uploads\\\/2023\\\/01\\\/MEYER-demo-Kitchen.jpg\",\"full\":\"https:\\\/\\\/foundersfoodhall.com\\\/wp-content\\\/uploads\\\/2023\\\/01\\\/MEYER-demo-Kitchen.jpg\",\"index\":8,\"id\":4575,\"video\":false,\"opts\":{\"caption\":\"The Meyer Demo Kitchen at Founders&#39; Food Hall &amp;amp; Market, a state-of-the-art culinary space designed for cooking demos, tastings, and food experiences.\",\"thumb\":\"https:\\\/\\\/foundersfoodhall.com\\\/wp-content\\\/uploads\\\/2023\\\/01\\\/MEYER-demo-Kitchen-75x50_c.jpg\",\"title\":\"Meyer Demo Kitchen at Founders&#039; | Modern Culinary Showcase Space\"},\"gallery_id\":\"5464\"},{\"status\":\"active\",\"src\":\"https:\\\/\\\/foundersfoodhall.com\\\/wp-content\\\/uploads\\\/2023\\\/05\\\/seafood-dish-01.jpg\",\"title\":\"Seafood Paella at Meyer Demo Kitchen | Fresh Local Flavours\",\"link\":\"https:\\\/\\\/foundersfoodhall.com\\\/wp-content\\\/uploads\\\/2023\\\/05\\\/seafood-dish-01.jpg\",\"alt\":\"Close-up of a seafood paella with lobster, shrimp, mussels, and lemon at Meyer Demo Kitchen\",\"caption\":\"A vibrant seafood paella, prepared at the Meyer Demo Kitchen with fresh lobster, shrimp, mussels, and local ingredients.\",\"thumb\":\"https:\\\/\\\/foundersfoodhall.com\\\/wp-content\\\/uploads\\\/2023\\\/05\\\/seafood-dish-01-75x50_c.jpg\",\"meta\":{\"aperture\":null,\"credit\":null,\"camera\":null,\"caption\":\"\",\"created_timestamp\":null,\"copyright\":null,\"focal_length\":null,\"iso\":null,\"shutter_speed\":null,\"title\":\"\",\"orientation\":null,\"keywords\":null,\"resized_images\":null},\"thumbnail\":\"https:\\\/\\\/foundersfoodhall.com\\\/wp-content\\\/uploads\\\/2023\\\/05\\\/seafood-dish-01-150x150.jpg\",\"medium\":\"https:\\\/\\\/foundersfoodhall.com\\\/wp-content\\\/uploads\\\/2023\\\/05\\\/seafood-dish-01-300x200.jpg\",\"medium_large\":\"https:\\\/\\\/foundersfoodhall.com\\\/wp-content\\\/uploads\\\/2023\\\/05\\\/seafood-dish-01-768x512.jpg\",\"large\":\"https:\\\/\\\/foundersfoodhall.com\\\/wp-content\\\/uploads\\\/2023\\\/05\\\/seafood-dish-01-1024x683.jpg\",\"thumblist\":\"https:\\\/\\\/foundersfoodhall.com\\\/wp-content\\\/uploads\\\/2023\\\/05\\\/seafood-dish-01-300x300.jpg\",\"thumbrelated\":\"https:\\\/\\\/foundersfoodhall.com\\\/wp-content\\\/uploads\\\/2023\\\/05\\\/seafood-dish-01.jpg\",\"meccarouselthumb\":\"https:\\\/\\\/foundersfoodhall.com\\\/wp-content\\\/uploads\\\/2023\\\/05\\\/seafood-dish-01-474x324.jpg\",\"gridsquare\":\"https:\\\/\\\/foundersfoodhall.com\\\/wp-content\\\/uploads\\\/2023\\\/05\\\/seafood-dish-01-391x260.jpg\",\"tileview\":\"https:\\\/\\\/foundersfoodhall.com\\\/wp-content\\\/uploads\\\/2023\\\/05\\\/seafood-dish-01-300x400.jpg\",\"gts-thumbnail\":\"https:\\\/\\\/foundersfoodhall.com\\\/wp-content\\\/uploads\\\/2023\\\/05\\\/seafood-dish-01-100x100.jpg\",\"1536x1536\":\"https:\\\/\\\/foundersfoodhall.com\\\/wp-content\\\/uploads\\\/2023\\\/05\\\/seafood-dish-01-1536x1024.jpg\",\"2048x2048\":\"https:\\\/\\\/foundersfoodhall.com\\\/wp-content\\\/uploads\\\/2023\\\/05\\\/seafood-dish-01.jpg\",\"cover\":\"https:\\\/\\\/foundersfoodhall.com\\\/wp-content\\\/uploads\\\/2023\\\/05\\\/seafood-dish-01.jpg\",\"landscape-sm\":\"https:\\\/\\\/foundersfoodhall.com\\\/wp-content\\\/uploads\\\/2023\\\/05\\\/seafood-dish-01-400x300.jpg\",\"landscape-md\":\"https:\\\/\\\/foundersfoodhall.com\\\/wp-content\\\/uploads\\\/2023\\\/05\\\/seafood-dish-01-800x600.jpg\",\"landscape-lg\":\"https:\\\/\\\/foundersfoodhall.com\\\/wp-content\\\/uploads\\\/2023\\\/05\\\/seafood-dish-01-1200x900.jpg\",\"tiny\":\"https:\\\/\\\/foundersfoodhall.com\\\/wp-content\\\/uploads\\\/2023\\\/05\\\/seafood-dish-01-80x80.jpg\",\"wpzoom-rcb-block-header\":\"https:\\\/\\\/foundersfoodhall.com\\\/wp-content\\\/uploads\\\/2023\\\/05\\\/seafood-dish-01-800x530.jpg\",\"wpzoom-rcb-block-header-square\":\"https:\\\/\\\/foundersfoodhall.com\\\/wp-content\\\/uploads\\\/2023\\\/05\\\/seafood-dish-01-530x530.jpg\",\"wpzoom-rcb-block-step-image\":\"https:\\\/\\\/foundersfoodhall.com\\\/wp-content\\\/uploads\\\/2023\\\/05\\\/seafood-dish-01-750x500.jpg\",\"wpzoom-rcb-structured-data-1_1\":\"https:\\\/\\\/foundersfoodhall.com\\\/wp-content\\\/uploads\\\/2023\\\/05\\\/seafood-dish-01-500x500.jpg\",\"wpzoom-rcb-structured-data-4_3\":\"https:\\\/\\\/foundersfoodhall.com\\\/wp-content\\\/uploads\\\/2023\\\/05\\\/seafood-dish-01-500x375.jpg\",\"wpzoom-rcb-structured-data-16_9\":\"https:\\\/\\\/foundersfoodhall.com\\\/wp-content\\\/uploads\\\/2023\\\/05\\\/seafood-dish-01-480x270.jpg\",\"gform-image-choice-sm\":\"https:\\\/\\\/foundersfoodhall.com\\\/wp-content\\\/uploads\\\/2023\\\/05\\\/seafood-dish-01.jpg\",\"gform-image-choice-md\":\"https:\\\/\\\/foundersfoodhall.com\\\/wp-content\\\/uploads\\\/2023\\\/05\\\/seafood-dish-01.jpg\",\"gform-image-choice-lg\":\"https:\\\/\\\/foundersfoodhall.com\\\/wp-content\\\/uploads\\\/2023\\\/05\\\/seafood-dish-01.jpg\",\"full\":\"https:\\\/\\\/foundersfoodhall.com\\\/wp-content\\\/uploads\\\/2023\\\/05\\\/seafood-dish-01.jpg\",\"index\":9,\"id\":5151,\"video\":false,\"opts\":{\"caption\":\"A vibrant seafood paella, prepared at the Meyer Demo Kitchen with fresh lobster, shrimp, mussels, and local ingredients.\",\"thumb\":\"https:\\\/\\\/foundersfoodhall.com\\\/wp-content\\\/uploads\\\/2023\\\/05\\\/seafood-dish-01-75x50_c.jpg\",\"title\":\"Seafood Paella at Meyer Demo Kitchen | Fresh Local Flavours\"},\"gallery_id\":\"5464\"}]' data-lightbox-theme='{&quot;arrows&quot;:true,&quot;margins&quot;:[120,0],&quot;gutter&quot;:&quot;100&quot;,&quot;thumbs_position&quot;:&quot;bottom&quot;,&quot;base_template&quot;:&quot;&lt;div id=\\&quot;envirabox-5464\\&quot; data-envirabox-id=\\&quot;5464\\&quot; class=\\&quot;envirabox-container envirabox-theme-base_dark envirabox-wrap\\&quot; role=\\&quot;dialog\\&quot;&gt;&lt;div class=\\&quot;envirabox-bg\\&quot;&gt;&lt;\\\/div&gt;&lt;div class=\\&quot;envirabox-outer\\&quot;&gt;&lt;div class=\\&quot;envirabox-inner\\&quot;&gt;&lt;div class=\\&quot;envirabox-caption-wrap\\&quot;&gt;&lt;div class=\\&quot;envirabox-title\\&quot;&gt;&lt;\\\/div&gt;&lt;\\\/div&gt;&lt;div class=\\&quot;envirabox-toolbar\\&quot;&gt;&lt;div class=\\&quot;envira-close-button\\&quot;&gt;&lt;a data-envirabox-close class=\\&quot;envirabox-item envirabox-close envirabox-button--close\\&quot; title=\\&quot;Close\\&quot; href=\\&quot;#\\&quot;&gt;&lt;\\\/a&gt;&lt;\\\/div&gt;&lt;\\\/div&gt;&lt;div class=\\&quot;envirabox-navigation\\&quot;&gt;&lt;a data-envirabox-prev title=\\&quot;Prev\\&quot; class=\\&quot;envirabox-arrow envirabox-arrow--left envirabox-nav envirabox-prev\\&quot; href=\\&quot;#\\&quot;&gt;&lt;span&gt;&lt;\\\/span&gt;&lt;\\\/a&gt;&lt;a data-envirabox-next title=\\&quot;Next\\&quot; class=\\&quot;envirabox-arrow envirabox-arrow--right envirabox-nav envirabox-next\\&quot; href=\\&quot;#\\&quot;&gt;&lt;span&gt;&lt;\\\/span&gt;&lt;\\\/a&gt;&lt;\\\/div&gt;&lt;div class=\\&quot;envirabox-stage\\&quot;&gt;&lt;\\\/div&gt;&lt;\\\/div&gt;&lt;\\\/div&gt;&lt;\\\/div&gt;&quot;,&quot;load_all&quot;:false,&quot;error_template&quot;:&quot;&lt;div class=\\&quot;envirabox-error\\&quot;&gt;&lt;p&gt;{{ERROR}}&lt;p&gt;&lt;\\\/div&gt;&quot;,&quot;inner_caption&quot;:false,&quot;caption_position&quot;:false,&quot;arrow_position&quot;:false,&quot;toolbar&quot;:true,&quot;infobar&quot;:false,&quot;show_smallbtn&quot;:false,&quot;idle_time&quot;:false,&quot;click_content&quot;:false,&quot;click_slide&quot;:false,&quot;click_outside&quot;:false,&quot;animation_duration&quot;:false,&quot;transition_duration&quot;:false,&quot;small_btn_template&quot;:&quot;&lt;a data-envirabox-close class=\\&quot;envirabox-item envirabox-close envirabox-button--close\\&quot; title=\\&quot;Close\\&quot; href=\\&quot;#\\&quot;&gt;&lt;\\\/a&gt;&quot;}' data-parsed-attrs='{\"id\":\"5464\",\"cache\":true}'><div id=\"envira-gallery-item-5071\" class=\"envira-gallery-item envira-gallery-item-1 envira-lazy-load enviratope-item\" style=\"padding-left: 5px; padding-bottom: 10px; padding-right: 5px;\"  itemscope itemtype=\"https:\/\/schema.org\/ImageObject\"><div class=\"envira-gallery-item-inner\"><div class=\"envira-gallery-position-overlay envira-gallery-top-left\"><\/div><div class=\"envira-gallery-position-overlay envira-gallery-top-right\"><\/div><div class=\"envira-gallery-position-overlay envira-gallery-bottom-left\"><\/div><div class=\"envira-gallery-position-overlay envira-gallery-bottom-right\"><\/div><div class=\"envira-lazy\" style=\"padding-bottom: 75%;\" data-envira-changed=\"false\" data-width=\"640\" data-height=\"480\"><img loading=\"lazy\" decoding=\"async\" src=\"https:\/\/foundersfoodhall.com\/wp-content\/uploads\/2023\/05\/MEYER-Demo-Kitchen-01-1024x683.jpg\" alt=\"Chef preparing food inside the Meyer Demo Kitchen at Founders&rsquo; Food Hall &amp;amp; Market in Charlottetown, PEI.\" class=\"envira-gallery-image envira-gallery-image-1    envira-lazy\" height=\"480\" id=\"envira-gallery-image-5071\" srcset=\"data:image\/gif;base64,R0lGODlhAQABAIAAAP\/\/\/\/\/\/\/yH5BAEKAAEALAAAAAABAAEAAAICTAEAOw==\" tabindex=\"0\" title=\"Meyer Demo Kitchen | Founders\u2019 Food Hall &amp; Market Charlottetown\" width=\"640\" data-caption=\"&lt;p&gt;Watch chefs in action at the Meyer Demo Kitchen inside Founders&amp;acirc;&amp;#128;&amp;#153; Food Hall &amp;amp; Market in Charlottetown, PEI. Enjoy live cooking demos, tastings, and culinary events in a vibrant food hub.&lt;\/p&gt;\n\" data-envira-gallery-id=\"5464\" data-envira-index=\"0\" data-envira-item-id=\"5071\" data-envira-src=\"https:\/\/foundersfoodhall.com\/wp-content\/uploads\/2023\/05\/MEYER-Demo-Kitchen-01-1024x683.jpg\" data-envira-srcset=\"https:\/\/foundersfoodhall.com\/wp-content\/uploads\/2023\/05\/MEYER-Demo-Kitchen-01-1024x683.jpg 400w, https:\/\/foundersfoodhall.com\/wp-content\/uploads\/2023\/05\/MEYER-Demo-Kitchen-01-1024x683.jpg 2x\" data-title=\"Meyer Demo Kitchen | Founders&rsquo; Food Hall &amp;amp;amp; Market Charlottetown\" itemprop=\"thumbnailUrl\"  data-envirabox=\"5464\" \/><\/div><div class=\"envira-gallery-captioned-data envira-gallery-captioned-data-base\"><\/div><\/div><\/div><div id=\"envira-gallery-item-5169\" class=\"envira-gallery-item envira-gallery-item-2 envira-lazy-load enviratope-item\" style=\"padding-left: 5px; padding-bottom: 10px; padding-right: 5px;\"  itemscope itemtype=\"https:\/\/schema.org\/ImageObject\"><div class=\"envira-gallery-item-inner\"><div class=\"envira-gallery-position-overlay envira-gallery-top-left\"><\/div><div class=\"envira-gallery-position-overlay envira-gallery-top-right\"><\/div><div class=\"envira-gallery-position-overlay envira-gallery-bottom-left\"><\/div><div class=\"envira-gallery-position-overlay envira-gallery-bottom-right\"><\/div><div class=\"envira-lazy\" style=\"padding-bottom: 75%;\" data-envira-changed=\"false\" data-width=\"640\" data-height=\"480\"><img loading=\"lazy\" decoding=\"async\" src=\"https:\/\/foundersfoodhall.com\/wp-content\/uploads\/2023\/05\/MEYERS-lobster-01v-682x1024.jpg\" alt=\"Chef preparing fresh steamed lobster at the Meyer Demo Kitchen in Founders&rsquo; Food Hall &amp;amp; Market, Charlottetown, PEI.\" class=\"envira-gallery-image envira-gallery-image-2    envira-lazy\" height=\"480\" id=\"envira-gallery-image-5169\" srcset=\"data:image\/gif;base64,R0lGODlhAQABAIAAAP\/\/\/\/\/\/\/yH5BAEKAAEALAAAAAABAAEAAAICTAEAOw==\" tabindex=\"0\" title=\"Lobster Cooking Demo | Meyer Demo Kitchen Charlottetown\" width=\"640\" data-caption=\"&lt;p&gt;Experience authentic PEI cuisine at the Meyer Demo Kitchen in Founders&amp;acirc;&amp;#128;&amp;#153; Food Hall &amp;amp; Market. Watch chefs prepare fresh local lobster in live cooking demonstrations.&lt;\/p&gt;\n\" data-envira-gallery-id=\"5464\" data-envira-index=\"1\" data-envira-item-id=\"5169\" data-envira-src=\"https:\/\/foundersfoodhall.com\/wp-content\/uploads\/2023\/05\/MEYERS-lobster-01v-682x1024.jpg\" data-envira-srcset=\"https:\/\/foundersfoodhall.com\/wp-content\/uploads\/2023\/05\/MEYERS-lobster-01v-682x1024.jpg 400w, https:\/\/foundersfoodhall.com\/wp-content\/uploads\/2023\/05\/MEYERS-lobster-01v-682x1024.jpg 2x\" data-title=\"Lobster Cooking Demo | Meyer Demo Kitchen Charlottetown\" itemprop=\"thumbnailUrl\"  data-envirabox=\"5464\" \/><\/div><div class=\"envira-gallery-captioned-data envira-gallery-captioned-data-base\"><\/div><\/div><\/div><div id=\"envira-gallery-item-5142\" class=\"envira-gallery-item envira-gallery-item-3 envira-lazy-load enviratope-item\" style=\"padding-left: 5px; padding-bottom: 10px; padding-right: 5px;\"  itemscope itemtype=\"https:\/\/schema.org\/ImageObject\"><div class=\"envira-gallery-item-inner\"><div class=\"envira-gallery-position-overlay envira-gallery-top-left\"><\/div><div class=\"envira-gallery-position-overlay envira-gallery-top-right\"><\/div><div class=\"envira-gallery-position-overlay envira-gallery-bottom-left\"><\/div><div class=\"envira-gallery-position-overlay envira-gallery-bottom-right\"><\/div><div class=\"envira-lazy\" style=\"padding-bottom: 75%;\" data-envira-changed=\"false\" data-width=\"640\" data-height=\"480\"><img loading=\"lazy\" decoding=\"async\" src=\"https:\/\/foundersfoodhall.com\/wp-content\/uploads\/2023\/05\/MEYERS-scallops-frypan-04-1024x683.jpg\" alt=\"Chef searing scallops in a hot pan with steam rising at Meyer Demo Kitchen, Founders&rsquo; Food Hall\" class=\"envira-gallery-image envira-gallery-image-3    envira-lazy\" height=\"480\" id=\"envira-gallery-image-5142\" srcset=\"data:image\/gif;base64,R0lGODlhAQABAIAAAP\/\/\/\/\/\/\/yH5BAEKAAEALAAAAAABAAEAAAICTAEAOw==\" tabindex=\"0\" title=\"Seared Scallops Cooking at Meyer Demo Kitchen | Founders\u2019 Food Hall\" width=\"640\" data-caption=\"&lt;p&gt;Savuor the art of seared scallops&amp;acirc;&amp;#128;&amp;#148;cooked live at the Meyer Demo Kitchen inside Founders&amp;acirc;&amp;#128;&amp;#153; Food Hall.&lt;\/p&gt;\n\" data-envira-gallery-id=\"5464\" data-envira-index=\"2\" data-envira-item-id=\"5142\" data-envira-src=\"https:\/\/foundersfoodhall.com\/wp-content\/uploads\/2023\/05\/MEYERS-scallops-frypan-04-1024x683.jpg\" data-envira-srcset=\"https:\/\/foundersfoodhall.com\/wp-content\/uploads\/2023\/05\/MEYERS-scallops-frypan-04-1024x683.jpg 400w, https:\/\/foundersfoodhall.com\/wp-content\/uploads\/2023\/05\/MEYERS-scallops-frypan-04-1024x683.jpg 2x\" data-title=\"Seared Scallops Cooking at Meyer Demo Kitchen | Founders&rsquo; Food Hall\" itemprop=\"thumbnailUrl\"  data-envirabox=\"5464\" \/><\/div><div class=\"envira-gallery-captioned-data envira-gallery-captioned-data-base\"><\/div><\/div><\/div><div id=\"envira-gallery-item-5144\" class=\"envira-gallery-item envira-gallery-item-4 envira-lazy-load enviratope-item\" style=\"padding-left: 5px; padding-bottom: 10px; padding-right: 5px;\"  itemscope itemtype=\"https:\/\/schema.org\/ImageObject\"><div class=\"envira-gallery-item-inner\"><div class=\"envira-gallery-position-overlay envira-gallery-top-left\"><\/div><div class=\"envira-gallery-position-overlay envira-gallery-top-right\"><\/div><div class=\"envira-gallery-position-overlay envira-gallery-bottom-left\"><\/div><div class=\"envira-gallery-position-overlay envira-gallery-bottom-right\"><\/div><div class=\"envira-lazy\" style=\"padding-bottom: 75%;\" data-envira-changed=\"false\" data-width=\"640\" data-height=\"480\"><img loading=\"lazy\" decoding=\"async\" src=\"https:\/\/foundersfoodhall.com\/wp-content\/uploads\/2023\/05\/MEYERS-shrimp-frypan-01-1024x683.jpg\" alt=\"Chef seasoning shrimp in hot frypan at Meyer Demo Kitchen\" class=\"envira-gallery-image envira-gallery-image-4    envira-lazy\" height=\"480\" id=\"envira-gallery-image-5144\" srcset=\"data:image\/gif;base64,R0lGODlhAQABAIAAAP\/\/\/\/\/\/\/yH5BAEKAAEALAAAAAABAAEAAAICTAEAOw==\" tabindex=\"0\" title=\"Seared Shrimp at Meyer Demo Kitchen | Founders Food Hall\" width=\"640\" data-caption=\"&lt;p&gt;Fresh shrimp sizzling in a hot frypan at the Meyer Demo Kitchen, where culinary demos bring the flavours of PEI to life.&lt;\/p&gt;\n\" data-envira-gallery-id=\"5464\" data-envira-index=\"3\" data-envira-item-id=\"5144\" data-envira-src=\"https:\/\/foundersfoodhall.com\/wp-content\/uploads\/2023\/05\/MEYERS-shrimp-frypan-01-1024x683.jpg\" data-envira-srcset=\"https:\/\/foundersfoodhall.com\/wp-content\/uploads\/2023\/05\/MEYERS-shrimp-frypan-01-1024x683.jpg 400w, https:\/\/foundersfoodhall.com\/wp-content\/uploads\/2023\/05\/MEYERS-shrimp-frypan-01-1024x683.jpg 2x\" data-title=\"Seared Shrimp at Meyer Demo Kitchen | Founders Food Hall\" itemprop=\"thumbnailUrl\"  data-envirabox=\"5464\" \/><\/div><div class=\"envira-gallery-captioned-data envira-gallery-captioned-data-base\"><\/div><\/div><\/div><div id=\"envira-gallery-item-5160\" class=\"envira-gallery-item envira-gallery-item-5 envira-lazy-load enviratope-item\" style=\"padding-left: 5px; padding-bottom: 10px; padding-right: 5px;\"  itemscope itemtype=\"https:\/\/schema.org\/ImageObject\"><div class=\"envira-gallery-item-inner\"><div class=\"envira-gallery-position-overlay envira-gallery-top-left\"><\/div><div class=\"envira-gallery-position-overlay envira-gallery-top-right\"><\/div><div class=\"envira-gallery-position-overlay envira-gallery-bottom-left\"><\/div><div class=\"envira-gallery-position-overlay envira-gallery-bottom-right\"><\/div><div class=\"envira-lazy\" style=\"padding-bottom: 75%;\" data-envira-changed=\"false\" data-width=\"640\" data-height=\"480\"><img loading=\"lazy\" decoding=\"async\" src=\"https:\/\/foundersfoodhall.com\/wp-content\/uploads\/2023\/05\/MEYERS-bread-charcuterie-04v-682x1024.jpg\" alt=\"Chef slicing bread and preparing charcuterie board at Meyer Demo Kitchen\" class=\"envira-gallery-image envira-gallery-image-5    envira-lazy\" height=\"480\" id=\"envira-gallery-image-5160\" srcset=\"data:image\/gif;base64,R0lGODlhAQABAIAAAP\/\/\/\/\/\/\/yH5BAEKAAEALAAAAAABAAEAAAICTAEAOw==\" tabindex=\"0\" title=\"Charcuterie and Bread Preparation | Meyer Demo Kitchen at Founders\" width=\"640\" data-caption=\"&lt;p&gt;A chef prepares fresh bread, cheese, and charcuterie at the Meyer Demo Kitchen inside Founders Food Hall &amp;amp; Market.&lt;\/p&gt;\n\" data-envira-gallery-id=\"5464\" data-envira-index=\"4\" data-envira-item-id=\"5160\" data-envira-src=\"https:\/\/foundersfoodhall.com\/wp-content\/uploads\/2023\/05\/MEYERS-bread-charcuterie-04v-682x1024.jpg\" data-envira-srcset=\"https:\/\/foundersfoodhall.com\/wp-content\/uploads\/2023\/05\/MEYERS-bread-charcuterie-04v-682x1024.jpg 400w, https:\/\/foundersfoodhall.com\/wp-content\/uploads\/2023\/05\/MEYERS-bread-charcuterie-04v-682x1024.jpg 2x\" data-title=\"Charcuterie and Bread Preparation | Meyer Demo Kitchen at Founders\" itemprop=\"thumbnailUrl\"  data-envirabox=\"5464\" \/><\/div><div class=\"envira-gallery-captioned-data envira-gallery-captioned-data-base\"><\/div><\/div><\/div><div id=\"envira-gallery-item-5163\" class=\"envira-gallery-item envira-gallery-item-6 envira-lazy-load enviratope-item\" style=\"padding-left: 5px; padding-bottom: 10px; padding-right: 5px;\"  itemscope itemtype=\"https:\/\/schema.org\/ImageObject\"><div class=\"envira-gallery-item-inner\"><div class=\"envira-gallery-position-overlay envira-gallery-top-left\"><\/div><div class=\"envira-gallery-position-overlay envira-gallery-top-right\"><\/div><div class=\"envira-gallery-position-overlay envira-gallery-bottom-left\"><\/div><div class=\"envira-gallery-position-overlay envira-gallery-bottom-right\"><\/div><div class=\"envira-lazy\" style=\"padding-bottom: 75%;\" data-envira-changed=\"false\" data-width=\"640\" data-height=\"480\"><img loading=\"lazy\" decoding=\"async\" src=\"https:\/\/foundersfoodhall.com\/wp-content\/uploads\/2023\/05\/MEYERS-Demo-Kitchen-cutting-bread-07v-682x1024.jpg\" alt=\"Close-up of chef slicing multigrain bread at Meyer Demo Kitchen\" class=\"envira-gallery-image envira-gallery-image-6    envira-lazy\" height=\"480\" id=\"envira-gallery-image-5163\" srcset=\"data:image\/gif;base64,R0lGODlhAQABAIAAAP\/\/\/\/\/\/\/yH5BAEKAAEALAAAAAABAAEAAAICTAEAOw==\" tabindex=\"0\" title=\"Chef Slicing Fresh Bread | Meyer Demo Kitchen at Founders\" width=\"640\" data-caption=\"&lt;p&gt;Freshly baked multigrain bread being sliced at the Meyer Demo Kitchen, paired with artisan meats and cheeses for a charcuterie board.&lt;\/p&gt;\n\" data-envira-gallery-id=\"5464\" data-envira-index=\"5\" data-envira-item-id=\"5163\" data-envira-src=\"https:\/\/foundersfoodhall.com\/wp-content\/uploads\/2023\/05\/MEYERS-Demo-Kitchen-cutting-bread-07v-682x1024.jpg\" data-envira-srcset=\"https:\/\/foundersfoodhall.com\/wp-content\/uploads\/2023\/05\/MEYERS-Demo-Kitchen-cutting-bread-07v-682x1024.jpg 400w, https:\/\/foundersfoodhall.com\/wp-content\/uploads\/2023\/05\/MEYERS-Demo-Kitchen-cutting-bread-07v-682x1024.jpg 2x\" data-title=\"Chef Slicing Fresh Bread | Meyer Demo Kitchen at Founders\" itemprop=\"thumbnailUrl\"  data-envirabox=\"5464\" \/><\/div><div class=\"envira-gallery-captioned-data envira-gallery-captioned-data-base\"><\/div><\/div><\/div><div id=\"envira-gallery-item-5170\" class=\"envira-gallery-item envira-gallery-item-7 envira-lazy-load enviratope-item\" style=\"padding-left: 5px; padding-bottom: 10px; padding-right: 5px;\"  itemscope itemtype=\"https:\/\/schema.org\/ImageObject\"><div class=\"envira-gallery-item-inner\"><div class=\"envira-gallery-position-overlay envira-gallery-top-left\"><\/div><div class=\"envira-gallery-position-overlay envira-gallery-top-right\"><\/div><div class=\"envira-gallery-position-overlay envira-gallery-bottom-left\"><\/div><div class=\"envira-gallery-position-overlay envira-gallery-bottom-right\"><\/div><div class=\"envira-lazy\" style=\"padding-bottom: 75%;\" data-envira-changed=\"false\" data-width=\"640\" data-height=\"480\"><img loading=\"lazy\" decoding=\"async\" src=\"https:\/\/foundersfoodhall.com\/wp-content\/uploads\/2023\/05\/MEYERS-pots-v-682x1024.jpg\" alt=\"Close-up of simmering food in steaming pots at Meyer Demo Kitchen\" class=\"envira-gallery-image envira-gallery-image-7    envira-lazy\" height=\"480\" id=\"envira-gallery-image-5170\" srcset=\"data:image\/gif;base64,R0lGODlhAQABAIAAAP\/\/\/\/\/\/\/yH5BAEKAAEALAAAAAABAAEAAAICTAEAOw==\" tabindex=\"0\" title=\"Simmering Flavors in Action | Meyer Demo Kitchen at Founders\" width=\"640\" data-caption=\"&lt;p&gt;Steam rises as fresh ingredients simmer in the Meyer Demo Kitchen, showcasing the art of live cooking at Founders Food Hall &amp;amp; Market.&lt;\/p&gt;\n\" data-envira-gallery-id=\"5464\" data-envira-index=\"6\" data-envira-item-id=\"5170\" data-envira-src=\"https:\/\/foundersfoodhall.com\/wp-content\/uploads\/2023\/05\/MEYERS-pots-v-682x1024.jpg\" data-envira-srcset=\"https:\/\/foundersfoodhall.com\/wp-content\/uploads\/2023\/05\/MEYERS-pots-v-682x1024.jpg 400w, https:\/\/foundersfoodhall.com\/wp-content\/uploads\/2023\/05\/MEYERS-pots-v-682x1024.jpg 2x\" data-title=\"Simmering Flavors in Action | Meyer Demo Kitchen at Founders\" itemprop=\"thumbnailUrl\"  data-envirabox=\"5464\" \/><\/div><div class=\"envira-gallery-captioned-data envira-gallery-captioned-data-base\"><\/div><\/div><\/div><div id=\"envira-gallery-item-5133\" class=\"envira-gallery-item envira-gallery-item-8 envira-lazy-load enviratope-item\" style=\"padding-left: 5px; padding-bottom: 10px; padding-right: 5px;\"  itemscope itemtype=\"https:\/\/schema.org\/ImageObject\"><div class=\"envira-gallery-item-inner\"><div class=\"envira-gallery-position-overlay envira-gallery-top-left\"><\/div><div class=\"envira-gallery-position-overlay envira-gallery-top-right\"><\/div><div class=\"envira-gallery-position-overlay envira-gallery-bottom-left\"><\/div><div class=\"envira-gallery-position-overlay envira-gallery-bottom-right\"><\/div><div class=\"envira-lazy\" style=\"padding-bottom: 75%;\" data-envira-changed=\"false\" data-width=\"640\" data-height=\"480\"><img loading=\"lazy\" decoding=\"async\" src=\"https:\/\/foundersfoodhall.com\/wp-content\/uploads\/2023\/05\/MEYERS-demo-kitchen-11-682x1024.jpg\" alt=\"Stainless steel equipment and cookware in the Meyer Demo Kitchen at Founders Food Hall\" class=\"envira-gallery-image envira-gallery-image-8    envira-lazy\" height=\"480\" id=\"envira-gallery-image-5133\" srcset=\"data:image\/gif;base64,R0lGODlhAQABAIAAAP\/\/\/\/\/\/\/yH5BAEKAAEALAAAAAABAAEAAAICTAEAOw==\" tabindex=\"0\" title=\"Meyer Demo Kitchen Equipment | Professional Culinary Space at Founders\" width=\"640\" data-caption=\"&lt;p&gt;A behind-the-scenes look at the professional setup of the Meyer Demo Kitchen, featuring top-quality cookware and modern appliances for live cooking demonstrations.&lt;\/p&gt;\n\" data-envira-gallery-id=\"5464\" data-envira-index=\"7\" data-envira-item-id=\"5133\" data-envira-src=\"https:\/\/foundersfoodhall.com\/wp-content\/uploads\/2023\/05\/MEYERS-demo-kitchen-11-682x1024.jpg\" data-envira-srcset=\"https:\/\/foundersfoodhall.com\/wp-content\/uploads\/2023\/05\/MEYERS-demo-kitchen-11-682x1024.jpg 400w, https:\/\/foundersfoodhall.com\/wp-content\/uploads\/2023\/05\/MEYERS-demo-kitchen-11-682x1024.jpg 2x\" data-title=\"Meyer Demo Kitchen Equipment | Professional Culinary Space at Founders\" itemprop=\"thumbnailUrl\"  data-envirabox=\"5464\" \/><\/div><div class=\"envira-gallery-captioned-data envira-gallery-captioned-data-base\"><\/div><\/div><\/div><div id=\"envira-gallery-item-4575\" class=\"envira-gallery-item envira-gallery-item-9 envira-lazy-load enviratope-item\" style=\"padding-left: 5px; padding-bottom: 10px; padding-right: 5px;\"  itemscope itemtype=\"https:\/\/schema.org\/ImageObject\"><div class=\"envira-gallery-item-inner\"><div class=\"envira-gallery-position-overlay envira-gallery-top-left\"><\/div><div class=\"envira-gallery-position-overlay envira-gallery-top-right\"><\/div><div class=\"envira-gallery-position-overlay envira-gallery-bottom-left\"><\/div><div class=\"envira-gallery-position-overlay envira-gallery-bottom-right\"><\/div><div class=\"envira-lazy\" style=\"padding-bottom: 75%;\" data-envira-changed=\"false\" data-width=\"640\" data-height=\"480\"><img loading=\"lazy\" decoding=\"async\" src=\"https:\/\/foundersfoodhall.com\/wp-content\/uploads\/2023\/01\/MEYER-demo-Kitchen-1024x682.jpg\" alt=\"Wide view of the Meyer Demo Kitchen at Founders Food Hall with stainless steel counters and cookware\" class=\"envira-gallery-image envira-gallery-image-9    envira-lazy\" height=\"480\" id=\"envira-gallery-image-4575\" srcset=\"data:image\/gif;base64,R0lGODlhAQABAIAAAP\/\/\/\/\/\/\/yH5BAEKAAEALAAAAAABAAEAAAICTAEAOw==\" tabindex=\"0\" title=\"Meyer Demo Kitchen at Founders&#039; | Modern Culinary Showcase Space\" width=\"640\" data-caption=\"&lt;p&gt;The Meyer Demo Kitchen at Founders&#039; Food Hall &amp;amp; Market, a state-of-the-art culinary space designed for cooking demos, tastings, and food experiences.&lt;\/p&gt;\n\" data-envira-gallery-id=\"5464\" data-envira-index=\"8\" data-envira-item-id=\"4575\" data-envira-src=\"https:\/\/foundersfoodhall.com\/wp-content\/uploads\/2023\/01\/MEYER-demo-Kitchen-1024x682.jpg\" data-envira-srcset=\"https:\/\/foundersfoodhall.com\/wp-content\/uploads\/2023\/01\/MEYER-demo-Kitchen-1024x682.jpg 400w, https:\/\/foundersfoodhall.com\/wp-content\/uploads\/2023\/01\/MEYER-demo-Kitchen-1024x682.jpg 2x\" data-title=\"Meyer Demo Kitchen at Founders&amp;#039; | Modern Culinary Showcase Space\" itemprop=\"thumbnailUrl\"  data-envirabox=\"5464\" \/><\/div><div class=\"envira-gallery-captioned-data envira-gallery-captioned-data-base\"><\/div><\/div><\/div><div id=\"envira-gallery-item-5151\" class=\"envira-gallery-item envira-gallery-item-10 envira-lazy-load enviratope-item\" style=\"padding-left: 5px; padding-bottom: 10px; padding-right: 5px;\"  itemscope itemtype=\"https:\/\/schema.org\/ImageObject\"><div class=\"envira-gallery-item-inner\"><div class=\"envira-gallery-position-overlay envira-gallery-top-left\"><\/div><div class=\"envira-gallery-position-overlay envira-gallery-top-right\"><\/div><div class=\"envira-gallery-position-overlay envira-gallery-bottom-left\"><\/div><div class=\"envira-gallery-position-overlay envira-gallery-bottom-right\"><\/div><a class=\"envira-gallery-5464 envira-gallery-link-disabled\" href=\"https:\/\/foundersfoodhall.com\/wp-content\/uploads\/2023\/05\/seafood-dish-01.jpg\" title=\"Seafood Paella at Meyer Demo Kitchen | Fresh Local Flavours\" data-caption=\"&lt;p&gt;A vibrant seafood paella, prepared at the Meyer Demo Kitchen with fresh lobster, shrimp, mussels, and local ingredients.&lt;\/p&gt;\n\" data-envira-item-id=\"5151\" data-envira-retina=\"https:\/\/foundersfoodhall.com\/wp-content\/uploads\/2023\/05\/seafood-dish-01.jpg\" data-thumb=\"https:\/\/foundersfoodhall.com\/wp-content\/uploads\/2023\/05\/seafood-dish-01-75x50_c.jpg\" data-title=\"Seafood Paella at Meyer Demo Kitchen | Fresh Local Flavours\" data-envirabox='5464' itemprop=\"contentUrl\"><div class=\"envira-lazy\" style=\"padding-bottom: 75%;\" data-envira-changed=\"false\" data-width=\"640\" data-height=\"480\"><img loading=\"lazy\" decoding=\"async\" src=\"https:\/\/foundersfoodhall.com\/wp-content\/uploads\/2023\/05\/seafood-dish-01-1024x683.jpg\" alt=\"Close-up of a seafood paella with lobster, shrimp, mussels, and lemon at Meyer Demo Kitchen\" class=\"envira-gallery-image envira-gallery-image-10    envira-lazy\" height=\"480\" id=\"envira-gallery-image-5151\" srcset=\"data:image\/gif;base64,R0lGODlhAQABAIAAAP\/\/\/\/\/\/\/yH5BAEKAAEALAAAAAABAAEAAAICTAEAOw==\" tabindex=\"-1\" title=\"Seafood Paella at Meyer Demo Kitchen | Fresh Local Flavours\" width=\"640\" data-caption=\"&lt;p&gt;A vibrant seafood paella, prepared at the Meyer Demo Kitchen with fresh lobster, shrimp, mussels, and local ingredients.&lt;\/p&gt;\n\" data-envira-gallery-id=\"5464\" data-envira-index=\"9\" data-envira-item-id=\"5151\" data-envira-src=\"https:\/\/foundersfoodhall.com\/wp-content\/uploads\/2023\/05\/seafood-dish-01-1024x683.jpg\" data-envira-srcset=\"https:\/\/foundersfoodhall.com\/wp-content\/uploads\/2023\/05\/seafood-dish-01-1024x683.jpg 400w, https:\/\/foundersfoodhall.com\/wp-content\/uploads\/2023\/05\/seafood-dish-01-1024x683.jpg 2x\" data-title=\"Seafood Paella at Meyer Demo Kitchen | Fresh Local Flavours\" itemprop=\"thumbnailUrl\"  data-envirabox=\"5464\" \/><\/div><\/a><div class=\"envira-gallery-captioned-data envira-gallery-captioned-data-base\"><\/div><\/div><\/div><\/div><\/div><noscript><img src='https:\/\/foundersfoodhall.com\/wp-content\/uploads\/2023\/05\/MEYER-Demo-Kitchen-01.jpg' alt='Chef preparing food inside the Meyer Demo Kitchen at Founders\u2019 Food Hall &amp; Market in Charlottetown, PEI.' class='envira_noscript_images ' \/><img src='https:\/\/foundersfoodhall.com\/wp-content\/uploads\/2023\/05\/MEYERS-lobster-01v.jpg' alt='Chef preparing fresh steamed lobster at the Meyer Demo Kitchen in Founders\u2019 Food Hall &amp; Market, Charlottetown, PEI.' class='envira_noscript_images ' \/><img src='https:\/\/foundersfoodhall.com\/wp-content\/uploads\/2023\/05\/MEYERS-scallops-frypan-04.jpg' alt='Chef searing scallops in a hot pan with steam rising at Meyer Demo Kitchen, Founders\u2019 Food Hall' class='envira_noscript_images ' \/><img src='https:\/\/foundersfoodhall.com\/wp-content\/uploads\/2023\/05\/MEYERS-shrimp-frypan-01.jpg' alt='Chef seasoning shrimp in hot frypan at Meyer Demo Kitchen' class='envira_noscript_images ' \/><img src='https:\/\/foundersfoodhall.com\/wp-content\/uploads\/2023\/05\/MEYERS-bread-charcuterie-04v.jpg' alt='Chef slicing bread and preparing charcuterie board at Meyer Demo Kitchen' class='envira_noscript_images ' \/><img src='https:\/\/foundersfoodhall.com\/wp-content\/uploads\/2023\/05\/MEYERS-Demo-Kitchen-cutting-bread-07v.jpg' alt='Close-up of chef slicing multigrain bread at Meyer Demo Kitchen' class='envira_noscript_images ' \/><img src='https:\/\/foundersfoodhall.com\/wp-content\/uploads\/2023\/05\/MEYERS-pots-v.jpg' alt='Close-up of simmering food in steaming pots at Meyer Demo Kitchen' class='envira_noscript_images ' \/><img src='https:\/\/foundersfoodhall.com\/wp-content\/uploads\/2023\/05\/MEYERS-demo-kitchen-11.jpg' alt='Stainless steel equipment and cookware in the Meyer Demo Kitchen at Founders Food Hall' class='envira_noscript_images ' \/><img src='https:\/\/foundersfoodhall.com\/wp-content\/uploads\/2023\/01\/MEYER-demo-Kitchen.jpg' alt='Wide view of the Meyer Demo Kitchen at Founders Food Hall with stainless steel counters and cookware' class='envira_noscript_images ' \/><img src='https:\/\/foundersfoodhall.com\/wp-content\/uploads\/2023\/05\/seafood-dish-01.jpg' alt='Close-up of a seafood paella with lobster, shrimp, mussels, and lemon at Meyer Demo Kitchen' class='envira_noscript_images ' \/><\/noscript><\/div>\n<\/div><\/div>\n\n","protected":false},"excerpt":{"rendered":"<p>La cuisine se trouve presque toujours au centre des activit\u00e9s de la vie &#8211; f\u00eates, bons repas, conversations amicales. Notre philosophie se rapporte \u00e0 cela, et c\u2019est la raison pour laquelle vous trouverez la cuisine de d\u00e9monstration Meyer au c\u0153ur du Founders\u2019 Food Hall &amp; Market. Qu\u2019est-ce qui mijote dans la cuisine de d\u00e9monstration Meyer? &hellip;<\/p>\n","protected":false},"author":1,"featured_media":0,"parent":0,"menu_order":0,"comment_status":"closed","ping_status":"closed","template":"","meta":{"_acf_changed":false,"_genesis_hide_title":false,"_genesis_hide_breadcrumbs":false,"_genesis_hide_singular_image":false,"_genesis_hide_footer_widgets":false,"_genesis_custom_body_class":"","_genesis_custom_post_class":"","_genesis_layout":"","footnotes":""},"class_list":{"1":"page","2":"type-page","5":"entry"},"yoast_head":"<!-- This site is optimized with the Yoast SEO plugin v27.5 - https:\/\/yoast.com\/product\/yoast-seo-wordpress\/ -->\n<title>Cuisine de d\u00e9monstration - Founders Food Hall<\/title>\n<meta name=\"robots\" content=\"index, follow, max-snippet:-1, max-image-preview:large, max-video-preview:-1\" \/>\n<link rel=\"canonical\" href=\"https:\/\/foundersfoodhall.com\/fr\/cuisine-de-demonstration\/\" \/>\n<meta property=\"og:locale\" content=\"fr_FR\" \/>\n<meta property=\"og:type\" content=\"article\" \/>\n<meta property=\"og:title\" content=\"Cuisine de d\u00e9monstration - Founders Food Hall\" \/>\n<meta property=\"og:description\" content=\"La cuisine se trouve presque toujours au centre des activit\u00e9s de la vie &#8211; f\u00eates, bons repas, conversations amicales. Notre philosophie se rapporte \u00e0 cela, et c\u2019est la raison pour laquelle vous trouverez la cuisine de d\u00e9monstration Meyer au c\u0153ur du Founders\u2019 Food Hall &amp; Market. Qu\u2019est-ce qui mijote dans la cuisine de d\u00e9monstration Meyer? &hellip;\" \/>\n<meta property=\"og:url\" content=\"https:\/\/foundersfoodhall.com\/fr\/cuisine-de-demonstration\/\" \/>\n<meta property=\"og:site_name\" content=\"Founders Food Hall\" \/>\n<meta property=\"article:publisher\" content=\"https:\/\/www.facebook.com\/foundersfoodhall\" \/>\n<meta property=\"article:modified_time\" content=\"2023-06-16T19:35:42+00:00\" \/>\n<meta property=\"og:image\" content=\"http:\/\/foundersfoodhall.com\/wp-content\/uploads\/2023\/05\/MEYER-CANADA-logo.png\" \/>\n<meta name=\"twitter:card\" content=\"summary_large_image\" \/>\n<meta name=\"twitter:label1\" content=\"Dur\u00e9e de lecture estim\u00e9e\" \/>\n\t<meta name=\"twitter:data1\" content=\"2 minutes\" \/>\n<script type=\"application\/ld+json\" class=\"yoast-schema-graph\">{\"@context\":\"https:\\\/\\\/schema.org\",\"@graph\":[{\"@type\":\"WebPage\",\"@id\":\"https:\\\/\\\/foundersfoodhall.com\\\/fr\\\/cuisine-de-demonstration\\\/\",\"url\":\"https:\\\/\\\/foundersfoodhall.com\\\/fr\\\/cuisine-de-demonstration\\\/\",\"name\":\"Cuisine de d\u00e9monstration - Founders Food Hall\",\"isPartOf\":{\"@id\":\"https:\\\/\\\/foundersfoodhall.com\\\/fr\\\/#website\"},\"primaryImageOfPage\":{\"@id\":\"https:\\\/\\\/foundersfoodhall.com\\\/fr\\\/cuisine-de-demonstration\\\/#primaryimage\"},\"image\":{\"@id\":\"https:\\\/\\\/foundersfoodhall.com\\\/fr\\\/cuisine-de-demonstration\\\/#primaryimage\"},\"thumbnailUrl\":\"https:\\\/\\\/foundersfoodhall.com\\\/wp-content\\\/uploads\\\/2023\\\/05\\\/MEYER-CANADA-logo.png\",\"datePublished\":\"2023-05-02T19:10:54+00:00\",\"dateModified\":\"2023-06-16T19:35:42+00:00\",\"breadcrumb\":{\"@id\":\"https:\\\/\\\/foundersfoodhall.com\\\/fr\\\/cuisine-de-demonstration\\\/#breadcrumb\"},\"inLanguage\":\"fr-FR\",\"potentialAction\":[{\"@type\":\"ReadAction\",\"target\":[\"https:\\\/\\\/foundersfoodhall.com\\\/fr\\\/cuisine-de-demonstration\\\/\"]}]},{\"@type\":\"ImageObject\",\"inLanguage\":\"fr-FR\",\"@id\":\"https:\\\/\\\/foundersfoodhall.com\\\/fr\\\/cuisine-de-demonstration\\\/#primaryimage\",\"url\":\"https:\\\/\\\/foundersfoodhall.com\\\/wp-content\\\/uploads\\\/2023\\\/05\\\/MEYER-CANADA-logo.png\",\"contentUrl\":\"https:\\\/\\\/foundersfoodhall.com\\\/wp-content\\\/uploads\\\/2023\\\/05\\\/MEYER-CANADA-logo.png\"},{\"@type\":\"BreadcrumbList\",\"@id\":\"https:\\\/\\\/foundersfoodhall.com\\\/fr\\\/cuisine-de-demonstration\\\/#breadcrumb\",\"itemListElement\":[{\"@type\":\"ListItem\",\"position\":1,\"name\":\"Home\",\"item\":\"https:\\\/\\\/foundersfoodhall.com\\\/fr\\\/\"},{\"@type\":\"ListItem\",\"position\":2,\"name\":\"Cuisine de d\u00e9monstration\"}]},{\"@type\":\"WebSite\",\"@id\":\"https:\\\/\\\/foundersfoodhall.com\\\/fr\\\/#website\",\"url\":\"https:\\\/\\\/foundersfoodhall.com\\\/fr\\\/\",\"name\":\"Founders Food Hall\",\"description\":\"Charlottetown, PEI\",\"publisher\":{\"@id\":\"https:\\\/\\\/foundersfoodhall.com\\\/fr\\\/#organization\"},\"potentialAction\":[{\"@type\":\"SearchAction\",\"target\":{\"@type\":\"EntryPoint\",\"urlTemplate\":\"https:\\\/\\\/foundersfoodhall.com\\\/fr\\\/?s={search_term_string}\"},\"query-input\":{\"@type\":\"PropertyValueSpecification\",\"valueRequired\":true,\"valueName\":\"search_term_string\"}}],\"inLanguage\":\"fr-FR\"},{\"@type\":\"Organization\",\"@id\":\"https:\\\/\\\/foundersfoodhall.com\\\/fr\\\/#organization\",\"name\":\"Founders Food Hall\",\"url\":\"https:\\\/\\\/foundersfoodhall.com\\\/fr\\\/\",\"logo\":{\"@type\":\"ImageObject\",\"inLanguage\":\"fr-FR\",\"@id\":\"https:\\\/\\\/foundersfoodhall.com\\\/fr\\\/#\\\/schema\\\/logo\\\/image\\\/\",\"url\":\"https:\\\/\\\/foundersfoodhall.com\\\/wp-content\\\/uploads\\\/2019\\\/02\\\/Food-Hall-Logo.png\",\"contentUrl\":\"https:\\\/\\\/foundersfoodhall.com\\\/wp-content\\\/uploads\\\/2019\\\/02\\\/Food-Hall-Logo.png\",\"width\":450,\"height\":251,\"caption\":\"Founders Food Hall\"},\"image\":{\"@id\":\"https:\\\/\\\/foundersfoodhall.com\\\/fr\\\/#\\\/schema\\\/logo\\\/image\\\/\"},\"sameAs\":[\"https:\\\/\\\/www.facebook.com\\\/foundersfoodhall\",\"https:\\\/\\\/www.instagram.com\\\/foundersfoodhall\\\/\"]}]}<\/script>\n<!-- \/ Yoast SEO plugin. -->","yoast_head_json":{"title":"Cuisine de d\u00e9monstration - Founders Food Hall","robots":{"index":"index","follow":"follow","max-snippet":"max-snippet:-1","max-image-preview":"max-image-preview:large","max-video-preview":"max-video-preview:-1"},"canonical":"https:\/\/foundersfoodhall.com\/fr\/cuisine-de-demonstration\/","og_locale":"fr_FR","og_type":"article","og_title":"Cuisine de d\u00e9monstration - Founders Food Hall","og_description":"La cuisine se trouve presque toujours au centre des activit\u00e9s de la vie &#8211; f\u00eates, bons repas, conversations amicales. Notre philosophie se rapporte \u00e0 cela, et c\u2019est la raison pour laquelle vous trouverez la cuisine de d\u00e9monstration Meyer au c\u0153ur du Founders\u2019 Food Hall &amp; Market. Qu\u2019est-ce qui mijote dans la cuisine de d\u00e9monstration Meyer? &hellip;","og_url":"https:\/\/foundersfoodhall.com\/fr\/cuisine-de-demonstration\/","og_site_name":"Founders Food Hall","article_publisher":"https:\/\/www.facebook.com\/foundersfoodhall","article_modified_time":"2023-06-16T19:35:42+00:00","og_image":[{"url":"http:\/\/foundersfoodhall.com\/wp-content\/uploads\/2023\/05\/MEYER-CANADA-logo.png","type":"","width":"","height":""}],"twitter_card":"summary_large_image","twitter_misc":{"Dur\u00e9e de lecture estim\u00e9e":"2 minutes"},"schema":{"@context":"https:\/\/schema.org","@graph":[{"@type":"WebPage","@id":"https:\/\/foundersfoodhall.com\/fr\/cuisine-de-demonstration\/","url":"https:\/\/foundersfoodhall.com\/fr\/cuisine-de-demonstration\/","name":"Cuisine de d\u00e9monstration - Founders Food Hall","isPartOf":{"@id":"https:\/\/foundersfoodhall.com\/fr\/#website"},"primaryImageOfPage":{"@id":"https:\/\/foundersfoodhall.com\/fr\/cuisine-de-demonstration\/#primaryimage"},"image":{"@id":"https:\/\/foundersfoodhall.com\/fr\/cuisine-de-demonstration\/#primaryimage"},"thumbnailUrl":"https:\/\/foundersfoodhall.com\/wp-content\/uploads\/2023\/05\/MEYER-CANADA-logo.png","datePublished":"2023-05-02T19:10:54+00:00","dateModified":"2023-06-16T19:35:42+00:00","breadcrumb":{"@id":"https:\/\/foundersfoodhall.com\/fr\/cuisine-de-demonstration\/#breadcrumb"},"inLanguage":"fr-FR","potentialAction":[{"@type":"ReadAction","target":["https:\/\/foundersfoodhall.com\/fr\/cuisine-de-demonstration\/"]}]},{"@type":"ImageObject","inLanguage":"fr-FR","@id":"https:\/\/foundersfoodhall.com\/fr\/cuisine-de-demonstration\/#primaryimage","url":"https:\/\/foundersfoodhall.com\/wp-content\/uploads\/2023\/05\/MEYER-CANADA-logo.png","contentUrl":"https:\/\/foundersfoodhall.com\/wp-content\/uploads\/2023\/05\/MEYER-CANADA-logo.png"},{"@type":"BreadcrumbList","@id":"https:\/\/foundersfoodhall.com\/fr\/cuisine-de-demonstration\/#breadcrumb","itemListElement":[{"@type":"ListItem","position":1,"name":"Home","item":"https:\/\/foundersfoodhall.com\/fr\/"},{"@type":"ListItem","position":2,"name":"Cuisine de d\u00e9monstration"}]},{"@type":"WebSite","@id":"https:\/\/foundersfoodhall.com\/fr\/#website","url":"https:\/\/foundersfoodhall.com\/fr\/","name":"Founders Food Hall","description":"Charlottetown, PEI","publisher":{"@id":"https:\/\/foundersfoodhall.com\/fr\/#organization"},"potentialAction":[{"@type":"SearchAction","target":{"@type":"EntryPoint","urlTemplate":"https:\/\/foundersfoodhall.com\/fr\/?s={search_term_string}"},"query-input":{"@type":"PropertyValueSpecification","valueRequired":true,"valueName":"search_term_string"}}],"inLanguage":"fr-FR"},{"@type":"Organization","@id":"https:\/\/foundersfoodhall.com\/fr\/#organization","name":"Founders Food Hall","url":"https:\/\/foundersfoodhall.com\/fr\/","logo":{"@type":"ImageObject","inLanguage":"fr-FR","@id":"https:\/\/foundersfoodhall.com\/fr\/#\/schema\/logo\/image\/","url":"https:\/\/foundersfoodhall.com\/wp-content\/uploads\/2019\/02\/Food-Hall-Logo.png","contentUrl":"https:\/\/foundersfoodhall.com\/wp-content\/uploads\/2019\/02\/Food-Hall-Logo.png","width":450,"height":251,"caption":"Founders Food Hall"},"image":{"@id":"https:\/\/foundersfoodhall.com\/fr\/#\/schema\/logo\/image\/"},"sameAs":["https:\/\/www.facebook.com\/foundersfoodhall","https:\/\/www.instagram.com\/foundersfoodhall\/"]}]}},"acf":[],"_links":{"self":[{"href":"https:\/\/foundersfoodhall.com\/fr\/wp-json\/wp\/v2\/pages\/6680","targetHints":{"allow":["GET"]}}],"collection":[{"href":"https:\/\/foundersfoodhall.com\/fr\/wp-json\/wp\/v2\/pages"}],"about":[{"href":"https:\/\/foundersfoodhall.com\/fr\/wp-json\/wp\/v2\/types\/page"}],"author":[{"embeddable":true,"href":"https:\/\/foundersfoodhall.com\/fr\/wp-json\/wp\/v2\/users\/1"}],"replies":[{"embeddable":true,"href":"https:\/\/foundersfoodhall.com\/fr\/wp-json\/wp\/v2\/comments?post=6680"}],"version-history":[{"count":1,"href":"https:\/\/foundersfoodhall.com\/fr\/wp-json\/wp\/v2\/pages\/6680\/revisions"}],"predecessor-version":[{"id":6681,"href":"https:\/\/foundersfoodhall.com\/fr\/wp-json\/wp\/v2\/pages\/6680\/revisions\/6681"}],"wp:attachment":[{"href":"https:\/\/foundersfoodhall.com\/fr\/wp-json\/wp\/v2\/media?parent=6680"}],"curies":[{"name":"wp","href":"https:\/\/api.w.org\/{rel}","templated":true}]}}